{"id":14582,"date":"2025-12-01T10:31:00","date_gmt":"2025-12-01T10:31:00","guid":{"rendered":"https:\/\/zellkraft.net\/?page_id=14582"},"modified":"2026-02-18T10:41:57","modified_gmt":"2026-02-18T10:41:57","slug":"unterstuetzung-fuer-aeltere-pferde-magnetfeldtherapie-bei-wechselndem-wetter","status":"publish","type":"page","link":"https:\/\/zellkraft.net\/index.php\/unterstuetzung-fuer-aeltere-pferde-magnetfeldtherapie-bei-wechselndem-wetter\/","title":{"rendered":"Unterst\u00fctzung f\u00fcr \u00e4ltere Pferde \u2013 Magnetfeldtherapie bei wechselndem Wetter"},"content":{"rendered":"\t\t<div data-elementor-type=\"wp-page\" data-elementor-id=\"14582\" class=\"elementor elementor-14582\">\n\t\t\t\t<div class=\"elementor-element elementor-element-638823a e-flex e-con-boxed e-con e-parent\" data-id=\"638823a\" data-element_type=\"container\" data-settings=\"{&quot;background_background&quot;:&quot;classic&quot;}\">\n\t\t\t\t\t<div class=\"e-con-inner\">\n\t\t\t\t<div class=\"elementor-element elementor-element-2e2e049 elementor-align-center elementor-widget__width-initial elementor-icon-list--layout-traditional elementor-list-item-link-full_width elementor-widget elementor-widget-icon-list\" data-id=\"2e2e049\" data-element_type=\"widget\" data-widget_type=\"icon-list.default\">\n\t\t\t\t<div class=\"elementor-widget-container\">\n\t\t\t\t\t\t\t<ul class=\"elementor-icon-list-items\">\n\t\t\t\t\t\t\t<li class=\"elementor-icon-list-item\">\n\t\t\t\t\t\t\t\t\t\t<span class=\"elementor-icon-list-text\">ZELLKRAFT BLOG<\/span>\n\t\t\t\t\t\t\t\t\t<\/li>\n\t\t\t\t\t\t<\/ul>\n\t\t\t\t\t\t<\/div>\n\t\t\t\t<\/div>\n\t\t\t\t<div class=\"elementor-element elementor-element-84583b1 elementor-widget__width-initial elementor-widget elementor-widget-heading\" data-id=\"84583b1\" data-element_type=\"widget\" data-widget_type=\"heading.default\">\n\t\t\t\t<div class=\"elementor-widget-container\">\n\t\t\t\t\t<h1 class=\"elementor-heading-title elementor-size-default\">Unterst\u00fctzung f\u00fcr \u00e4ltere Pferde \u2013 Magnetfeldtherapie bei wechselndem Wetter<\/h1>\t\t\t\t<\/div>\n\t\t\t\t<\/div>\n\t\t\t\t<div class=\"elementor-element elementor-element-ba86411 elementor-widget__width-initial elementor-widget elementor-widget-text-editor\" data-id=\"ba86411\" data-element_type=\"widget\" data-widget_type=\"text-editor.default\">\n\t\t\t\t<div class=\"elementor-widget-container\">\n\t\t\t\t\t\t\t\t\t<p>03. Dezember 2025<\/p>\t\t\t\t\t\t\t\t<\/div>\n\t\t\t\t<\/div>\n\t\t\t\t<div class=\"elementor-element elementor-element-06a48d9 elementor-widget-mobile__width-initial elementor-widget elementor-widget-image\" data-id=\"06a48d9\" data-element_type=\"widget\" data-widget_type=\"image.default\">\n\t\t\t\t<div class=\"elementor-widget-container\">\n\t\t\t\t\t\t\t\t\t\t\t\t\t\t\t\t<a href=\"https:\/\/zellkraft.net\/zk-content\/uploads\/2025\/12\/AdobeStock_53860022-7.webp\" data-elementor-open-lightbox=\"no\">\n\t\t\t\t\t\t\t<img fetchpriority=\"high\" decoding=\"async\" width=\"1024\" height=\"680\" src=\"https:\/\/zellkraft.net\/zk-content\/uploads\/2025\/12\/AdobeStock_53860022-7-1024x680.webp\" class=\"attachment-large size-large wp-image-14585\" alt=\"\u00c4lteres Pferd gesund und aktiv \u2013 unterst\u00fctzt durch Magnetfeldtherapie\" srcset=\"https:\/\/zellkraft.net\/zk-content\/uploads\/2025\/12\/AdobeStock_53860022-7-1024x680.webp 1024w, https:\/\/zellkraft.net\/zk-content\/uploads\/2025\/12\/AdobeStock_53860022-7-300x199.webp 300w, https:\/\/zellkraft.net\/zk-content\/uploads\/2025\/12\/AdobeStock_53860022-7-768x510.webp 768w, https:\/\/zellkraft.net\/zk-content\/uploads\/2025\/12\/AdobeStock_53860022-7-1536x1020.webp 1536w, https:\/\/zellkraft.net\/zk-content\/uploads\/2025\/12\/AdobeStock_53860022-7.webp 1920w\" sizes=\"(max-width: 1024px) 100vw, 1024px\" \/>\t\t\t\t\t\t\t\t<\/a>\n\t\t\t\t\t\t\t\t\t\t\t\t\t\t\t<\/div>\n\t\t\t\t<\/div>\n\t\t\t\t\t<\/div>\n\t\t\t\t<\/div>\n\t\t\t\t<section class=\"elementor-section elementor-top-section elementor-element elementor-element-24f76e6d elementor-section-boxed elementor-section-height-default elementor-section-height-default\" data-id=\"24f76e6d\" data-element_type=\"section\" data-settings=\"{&quot;background_background&quot;:&quot;classic&quot;}\">\n\t\t\t\t\t\t<div class=\"elementor-container elementor-column-gap-default\">\n\t\t\t\t\t<div class=\"elementor-column elementor-col-100 elementor-top-column elementor-element elementor-element-232d2bc1\" data-id=\"232d2bc1\" data-element_type=\"column\" data-settings=\"{&quot;background_background&quot;:&quot;classic&quot;}\">\n\t\t\t<div class=\"elementor-widget-wrap elementor-element-populated\">\n\t\t\t\t\t\t<div class=\"elementor-element elementor-element-465d99e4 elementor-widget-mobile__width-initial elementor-widget elementor-widget-heading\" data-id=\"465d99e4\" data-element_type=\"widget\" data-widget_type=\"heading.default\">\n\t\t\t\t<div class=\"elementor-widget-container\">\n\t\t\t\t\t<h2 class=\"elementor-heading-title elementor-size-default\">\u00c4ltere Pferde sicher durch wechselhaftes Wetter begleiten<\/h2>\t\t\t\t<\/div>\n\t\t\t\t<\/div>\n\t\t\t\t<div class=\"elementor-element elementor-element-7539e28b elementor-widget elementor-widget-text-editor\" data-id=\"7539e28b\" data-element_type=\"widget\" data-widget_type=\"text-editor.default\">\n\t\t\t\t<div class=\"elementor-widget-container\">\n\t\t\t\t\t\t\t\t\t<p style=\"font-weight: 400;\">Unser Wetter wird von Jahr zu Jahr unberechenbarer. Besonders die \u00dcbergangszeiten im Fr\u00fchjahr und Herbst sind gepr\u00e4gt von starken Temperaturunterschieden: tags\u00fcber warm, nachts kalt \u2013 mal 10 Grad, dann wieder nur 1 Grad. Auch die Jahreszeiten ver\u00e4ndern sich zunehmend: Die Winter werden milder, aber deutlich feuchter, w\u00e4hrend die Sommer immer trockener erscheinen.<\/p><p style=\"font-weight: 400;\">F\u00fcr j\u00fcngere Pferde sind diese Schwankungen meist gut zu kompensieren. Doch je \u00e4lter ein Pferd wird, desto schwieriger f\u00e4llt die Temperaturregulation. Das Herz-Kreislauf-System verliert an Anpassungsf\u00e4higkeit, und das \u201eWetterchaos\u201c kann den Stoffwechsel beeinflussen.<\/p><p style=\"font-weight: 400;\">Gerade \u00e4ltere Pferde oder solche mit bestehenden Erkrankungen wie Arthrose ben\u00f6tigen bei feucht-k\u00fchlem Klima l\u00e4nger, um sich \u201eeinzulaufen\u201c. In Reithallen sieht man h\u00e4ufig Pferde, die zun\u00e4chst steif gehen und erst nach einer l\u00e4ngeren Aufw\u00e4rmphase in den gewohnten Bewegungsfluss finden. Das kennen wir auch von uns Menschen: Knochen und Gelenke reagieren empfindlich auf Feuchtigkeit und K\u00e4lte.<\/p>\t\t\t\t\t\t\t\t<\/div>\n\t\t\t\t<\/div>\n\t\t\t\t<div class=\"elementor-element elementor-element-dcbeba0 elementor-widget-mobile__width-initial elementor-widget elementor-widget-heading\" data-id=\"dcbeba0\" data-element_type=\"widget\" data-widget_type=\"heading.default\">\n\t\t\t\t<div class=\"elementor-widget-container\">\n\t\t\t\t\t<h2 class=\"elementor-heading-title elementor-size-default\">Unterst\u00fctzung bei nasskaltem Wetter: Magnetfeldtherapie<\/h2>\t\t\t\t<\/div>\n\t\t\t\t<\/div>\n\t\t\t\t<div class=\"elementor-element elementor-element-872624a elementor-widget elementor-widget-text-editor\" data-id=\"872624a\" data-element_type=\"widget\" data-widget_type=\"text-editor.default\">\n\t\t\t\t<div class=\"elementor-widget-container\">\n\t\t\t\t\t\t\t\t\t<p style=\"font-weight: 400;\">Hier kann <strong>Zellkraft<\/strong> ein wertvoller Begleiter sein \u2013 besonders in der kalten und temperaturwechselnden Jahreszeit. Eine <strong>regelm\u00e4\u00dfig angewendete Magnetfeldtherapie<\/strong>, insbesondere vor dem Reiten, kann:<\/p><ul style=\"font-weight: 400;\"><li>den Stoffwechsel in Gewebe und Muskulatur unterst\u00fctzen<\/li><li>die Durchblutung f\u00f6rdern<\/li><li>Verspannungen l\u00f6sen<\/li><li>zur Regeneration beitragen<\/li><li>Symptome wie Schmerzen oder Entz\u00fcndungen lindern<\/li><\/ul><p style=\"font-weight: 400;\">Gerade \u00e4ltere Pferde profitieren h\u00e4ufig davon, da der gesamte Bewegungsapparat bei K\u00e4lte, Feuchtigkeit und Wetterumschw\u00fcngen st\u00e4rker belastet wird.<\/p>\t\t\t\t\t\t\t\t<\/div>\n\t\t\t\t<\/div>\n\t\t\t\t<div class=\"elementor-element elementor-element-8bb5b25 elementor-widget-mobile__width-initial elementor-widget elementor-widget-heading\" data-id=\"8bb5b25\" data-element_type=\"widget\" data-widget_type=\"heading.default\">\n\t\t\t\t<div class=\"elementor-widget-container\">\n\t\t\t\t\t<h2 class=\"elementor-heading-title elementor-size-default\">Warnsignale bei Wetterwechsel<\/h2>\t\t\t\t<\/div>\n\t\t\t\t<\/div>\n\t\t\t\t<div class=\"elementor-element elementor-element-ac8b727 elementor-widget elementor-widget-text-editor\" data-id=\"ac8b727\" data-element_type=\"widget\" data-widget_type=\"text-editor.default\">\n\t\t\t\t<div class=\"elementor-widget-container\">\n\t\t\t\t\t\t\t\t\t<p style=\"font-weight: 400;\">Behalte dein Pferd besonders bei starken Temperatur- und Feuchtigkeitsschwankungen gut im Blick. Folgende Anzeichen k\u00f6nnen darauf hindeuten, dass ihm das Wetter zu schaffen macht:<\/p><ul style=\"font-weight: 400;\"><li>Muskelverspannungen oder Steifheit<\/li><li>Muskelzittern<\/li><li>Verschlechterung chronischer Beschwerden (z. B. Arthrose)<\/li><li>Ver\u00e4ndertes Fressverhalten<\/li><li>Nervosit\u00e4t oder Unruhe<\/li><li>Teilnahmslosigkeit<\/li><\/ul><p><span style=\"font-weight: 400;\">Unterst\u00fctze dein Pferd dort, wo das Wetter es schw\u00e4cht \u2013 mit sp\u00fcrbarer Kraft, die gut tut.<\/span><\/p>\t\t\t\t\t\t\t\t<\/div>\n\t\t\t\t<\/div>\n\t\t\t\t\t<\/div>\n\t\t<\/div>\n\t\t\t\t\t<\/div>\n\t\t<\/section>\n\t\t<div class=\"elementor-element elementor-element-873f242 e-flex e-con-boxed e-con e-parent\" data-id=\"873f242\" data-element_type=\"container\" data-settings=\"{&quot;background_background&quot;:&quot;classic&quot;}\">\n\t\t\t\t\t<div class=\"e-con-inner\">\n\t\t\t\t<div class=\"elementor-element elementor-element-a94c415 elementor-widget-mobile__width-initial elementor-widget elementor-widget-heading\" data-id=\"a94c415\" data-element_type=\"widget\" data-widget_type=\"heading.default\">\n\t\t\t\t<div class=\"elementor-widget-container\">\n\t\t\t\t\t<h2 class=\"elementor-heading-title elementor-size-default\">Fakten &amp; \u00dcbersicht zu dem Thema: <\/h2>\t\t\t\t<\/div>\n\t\t\t\t<\/div>\n\t\t\t\t<div class=\"elementor-element elementor-element-739aa21 elementor-widget__width-initial elementor-align-left elementor-mobile-align-justify elementor-widget-mobile__width-inherit elementor-invisible elementor-widget elementor-widget-button\" data-id=\"739aa21\" data-element_type=\"widget\" data-settings=\"{&quot;_animation&quot;:&quot;fadeIn&quot;,&quot;_animation_delay&quot;:300}\" data-widget_type=\"button.default\">\n\t\t\t\t<div class=\"elementor-widget-container\">\n\t\t\t\t\t\t\t\t\t<div class=\"elementor-button-wrapper\">\n\t\t\t\t\t<a class=\"elementor-button elementor-button-link elementor-size-xs elementor-animation-shrink\" href=\"https:\/\/zellkraft.net\/index.php\/pemf-pferd-winter\/\">\n\t\t\t\t\t\t<span class=\"elementor-button-content-wrapper\">\n\t\t\t\t\t\t\t\t\t<span class=\"elementor-button-text\">Mehr erfahren<\/span>\n\t\t\t\t\t<\/span>\n\t\t\t\t\t<\/a>\n\t\t\t\t<\/div>\n\t\t\t\t\t\t\t\t<\/div>\n\t\t\t\t<\/div>\n\t\t\t\t\t<\/div>\n\t\t\t\t<\/div>\n\t\t\t\t<section class=\"elementor-section elementor-top-section elementor-element elementor-element-22afe442 elementor-section-boxed elementor-section-height-default elementor-section-height-default\" data-id=\"22afe442\" data-element_type=\"section\">\n\t\t\t\t\t\t<div class=\"elementor-container elementor-column-gap-default\">\n\t\t\t\t\t<div class=\"elementor-column elementor-col-100 elementor-top-column elementor-element elementor-element-2381e0e9\" data-id=\"2381e0e9\" data-element_type=\"column\">\n\t\t\t<div class=\"elementor-widget-wrap elementor-element-populated\">\n\t\t\t\t\t\t<div class=\"elementor-element elementor-element-6afb9adc elementor-widget elementor-widget-heading\" data-id=\"6afb9adc\" data-element_type=\"widget\" data-widget_type=\"heading.default\">\n\t\t\t\t<div class=\"elementor-widget-container\">\n\t\t\t\t\t<h2 class=\"elementor-heading-title elementor-size-default\">Weitere Blogeintr\u00e4ge<\/h2>\t\t\t\t<\/div>\n\t\t\t\t<\/div>\n\t\t\t\t\t<\/div>\n\t\t<\/div>\n\t\t\t\t\t<\/div>\n\t\t<\/section>\n\t\t<div class=\"elementor-element elementor-element-399e317 e-flex e-con-boxed e-con e-parent\" data-id=\"399e317\" data-element_type=\"container\">\n\t\t\t\t\t<div class=\"e-con-inner\">\n\t\t\t\t<div class=\"elementor-element elementor-element-680a9d9 elementor-widget__width-initial elementor-align-center elementor-mobile-align-justify elementor-widget-mobile__width-inherit elementor-invisible elementor-widget elementor-widget-button\" data-id=\"680a9d9\" data-element_type=\"widget\" data-settings=\"{&quot;_animation&quot;:&quot;fadeIn&quot;,&quot;_animation_delay&quot;:300}\" data-widget_type=\"button.default\">\n\t\t\t\t<div class=\"elementor-widget-container\">\n\t\t\t\t\t\t\t\t\t<div class=\"elementor-button-wrapper\">\n\t\t\t\t\t<a class=\"elementor-button elementor-button-link elementor-size-xs elementor-animation-shrink\" href=\"https:\/\/zellkraft.net\/index.php\/blog\/\">\n\t\t\t\t\t\t<span class=\"elementor-button-content-wrapper\">\n\t\t\t\t\t\t\t\t\t<span class=\"elementor-button-text\">Alle Blogartikel ansehen<\/span>\n\t\t\t\t\t<\/span>\n\t\t\t\t\t<\/a>\n\t\t\t\t<\/div>\n\t\t\t\t\t\t\t\t<\/div>\n\t\t\t\t<\/div>\n\t\t\t\t\t<\/div>\n\t\t\t\t<\/div>\n\t\t<div class=\"elementor-element elementor-element-9b358cb e-flex e-con-boxed e-con e-parent\" data-id=\"9b358cb\" data-element_type=\"container\">\n\t\t\t\t\t<div class=\"e-con-inner\">\n\t\t<a class=\"elementor-element elementor-element-064d271 e-con-full e-flex e-con e-child\" data-id=\"064d271\" data-element_type=\"container\" href=\"https:\/\/zellkraft.net\/index.php\/warum-zellkraft-im-winter-eine-sinnvolle-unterstuetzung-ist\/\">\n\t\t\t\t<div class=\"elementor-element elementor-element-05c1cc0 elementor-widget elementor-widget-image\" data-id=\"05c1cc0\" data-element_type=\"widget\" data-widget_type=\"image.default\">\n\t\t\t\t<div class=\"elementor-widget-container\">\n\t\t\t\t\t\t\t\t\t\t\t\t\t\t\t<img decoding=\"async\" width=\"1024\" height=\"680\" src=\"https:\/\/zellkraft.net\/zk-content\/uploads\/2026\/01\/AdobeStock_53860022-10-1024x680.webp\" class=\"attachment-large size-large wp-image-15045\" alt=\"\" srcset=\"https:\/\/zellkraft.net\/zk-content\/uploads\/2026\/01\/AdobeStock_53860022-10-1024x680.webp 1024w, https:\/\/zellkraft.net\/zk-content\/uploads\/2026\/01\/AdobeStock_53860022-10-300x199.webp 300w, https:\/\/zellkraft.net\/zk-content\/uploads\/2026\/01\/AdobeStock_53860022-10-768x510.webp 768w, https:\/\/zellkraft.net\/zk-content\/uploads\/2026\/01\/AdobeStock_53860022-10-1536x1020.webp 1536w, https:\/\/zellkraft.net\/zk-content\/uploads\/2026\/01\/AdobeStock_53860022-10.webp 1920w\" sizes=\"(max-width: 1024px) 100vw, 1024px\" \/>\t\t\t\t\t\t\t\t\t\t\t\t\t\t\t<\/div>\n\t\t\t\t<\/div>\n\t\t\t\t<div class=\"elementor-element elementor-element-9c5127b elementor-widget__width-initial elementor-widget elementor-widget-heading\" data-id=\"9c5127b\" data-element_type=\"widget\" data-widget_type=\"heading.default\">\n\t\t\t\t<div class=\"elementor-widget-container\">\n\t\t\t\t\t<h2 class=\"elementor-heading-title elementor-size-default\">Warum Zellkraft im Winter eine sinnvolle Unterst\u00fctzung ist!<\/h2>\t\t\t\t<\/div>\n\t\t\t\t<\/div>\n\t\t\t\t<\/a>\n\t\t<a class=\"elementor-element elementor-element-9e010d9 e-con-full e-flex e-con e-child\" data-id=\"9e010d9\" data-element_type=\"container\" href=\"https:\/\/zellkraft.net\/index.php\/praevention-warum-warten-bis-das-pferd-erkrankt\/\">\n\t\t\t\t<div class=\"elementor-element elementor-element-2400cc2 elementor-widget elementor-widget-image\" data-id=\"2400cc2\" data-element_type=\"widget\" data-widget_type=\"image.default\">\n\t\t\t\t<div class=\"elementor-widget-container\">\n\t\t\t\t\t\t\t\t\t\t\t\t\t\t\t<img decoding=\"async\" width=\"1024\" height=\"680\" src=\"https:\/\/zellkraft.net\/zk-content\/uploads\/2025\/12\/AdobeStock_53860022-6-1024x680.webp\" class=\"attachment-large size-large wp-image-14570\" alt=\"Pferd gesund und aktiv \u2013 pr\u00e4ventive Ma\u00dfnahmen f\u00fcr Wohlbefinden und Gesundheit\" srcset=\"https:\/\/zellkraft.net\/zk-content\/uploads\/2025\/12\/AdobeStock_53860022-6-1024x680.webp 1024w, https:\/\/zellkraft.net\/zk-content\/uploads\/2025\/12\/AdobeStock_53860022-6-300x199.webp 300w, https:\/\/zellkraft.net\/zk-content\/uploads\/2025\/12\/AdobeStock_53860022-6-768x510.webp 768w, https:\/\/zellkraft.net\/zk-content\/uploads\/2025\/12\/AdobeStock_53860022-6-1536x1020.webp 1536w, https:\/\/zellkraft.net\/zk-content\/uploads\/2025\/12\/AdobeStock_53860022-6.webp 1920w\" sizes=\"(max-width: 1024px) 100vw, 1024px\" \/>\t\t\t\t\t\t\t\t\t\t\t\t\t\t\t<\/div>\n\t\t\t\t<\/div>\n\t\t\t\t<div class=\"elementor-element elementor-element-56dc716 elementor-widget__width-initial elementor-widget elementor-widget-heading\" data-id=\"56dc716\" data-element_type=\"widget\" data-widget_type=\"heading.default\">\n\t\t\t\t<div class=\"elementor-widget-container\">\n\t\t\t\t\t<h2 class=\"elementor-heading-title elementor-size-default\">Pr\u00e4vention \u2013 warum warten bis das Pferd erkrankt!?<\/h2>\t\t\t\t<\/div>\n\t\t\t\t<\/div>\n\t\t\t\t<\/a>\n\t\t<a class=\"elementor-element elementor-element-4a656d6 e-con-full e-flex e-con e-child\" data-id=\"4a656d6\" data-element_type=\"container\" href=\"https:\/\/zellkraft.net\/index.php\/magnetfeldtherapie-fuer-pferde\/\">\n\t\t\t\t<div class=\"elementor-element elementor-element-bdfce55 elementor-widget elementor-widget-image\" data-id=\"bdfce55\" data-element_type=\"widget\" data-widget_type=\"image.default\">\n\t\t\t\t<div class=\"elementor-widget-container\">\n\t\t\t\t\t\t\t\t\t\t\t\t\t\t\t<img loading=\"lazy\" decoding=\"async\" width=\"1024\" height=\"683\" src=\"https:\/\/zellkraft.net\/zk-content\/uploads\/2026\/01\/AdobeStock_638660166-1-1024x683.webp\" class=\"attachment-large size-large wp-image-15005\" alt=\"\" srcset=\"https:\/\/zellkraft.net\/zk-content\/uploads\/2026\/01\/AdobeStock_638660166-1-1024x683.webp 1024w, https:\/\/zellkraft.net\/zk-content\/uploads\/2026\/01\/AdobeStock_638660166-1-300x200.webp 300w, https:\/\/zellkraft.net\/zk-content\/uploads\/2026\/01\/AdobeStock_638660166-1-768x512.webp 768w, https:\/\/zellkraft.net\/zk-content\/uploads\/2026\/01\/AdobeStock_638660166-1-1536x1024.webp 1536w, https:\/\/zellkraft.net\/zk-content\/uploads\/2026\/01\/AdobeStock_638660166-1.webp 1920w\" sizes=\"(max-width: 1024px) 100vw, 1024px\" \/>\t\t\t\t\t\t\t\t\t\t\t\t\t\t\t<\/div>\n\t\t\t\t<\/div>\n\t\t\t\t<div class=\"elementor-element elementor-element-c9e72ad elementor-widget__width-initial elementor-widget elementor-widget-heading\" data-id=\"c9e72ad\" data-element_type=\"widget\" data-widget_type=\"heading.default\">\n\t\t\t\t<div class=\"elementor-widget-container\">\n\t\t\t\t\t<h2 class=\"elementor-heading-title elementor-size-default\">So wirkt Magnetfeldtherapie: einfach erkl\u00e4rt<\/h2>\t\t\t\t<\/div>\n\t\t\t\t<\/div>\n\t\t\t\t<\/a>\n\t\t\t\t\t<\/div>\n\t\t\t\t<\/div>\n\t\t\t\t<section class=\"elementor-section elementor-top-section elementor-element elementor-element-78966552 elementor-section-boxed elementor-section-height-default elementor-section-height-default\" data-id=\"78966552\" data-element_type=\"section\" data-settings=\"{&quot;background_background&quot;:&quot;classic&quot;}\">\n\t\t\t\t\t\t\t<div class=\"elementor-background-overlay\"><\/div>\n\t\t\t\t\t\t\t<div class=\"elementor-container elementor-column-gap-default\">\n\t\t\t\t\t<div class=\"elementor-column elementor-col-50 elementor-top-column elementor-element elementor-element-1cecbac2\" data-id=\"1cecbac2\" data-element_type=\"column\">\n\t\t\t<div class=\"elementor-widget-wrap\">\n\t\t\t\t\t\t\t<\/div>\n\t\t<\/div>\n\t\t\t\t<div class=\"elementor-column elementor-col-50 elementor-top-column elementor-element elementor-element-40cc2887\" data-id=\"40cc2887\" data-element_type=\"column\">\n\t\t\t<div class=\"elementor-widget-wrap elementor-element-populated\">\n\t\t\t\t\t\t<section class=\"elementor-section elementor-inner-section elementor-element elementor-element-25e96d79 elementor-section-full_width elementor-section-height-default elementor-section-height-default\" data-id=\"25e96d79\" data-element_type=\"section\">\n\t\t\t\t\t\t<div class=\"elementor-container elementor-column-gap-wider\">\n\t\t\t\t\t<div class=\"elementor-column elementor-col-100 elementor-inner-column elementor-element elementor-element-32fcc0d1\" data-id=\"32fcc0d1\" data-element_type=\"column\">\n\t\t\t<div class=\"elementor-widget-wrap elementor-element-populated\">\n\t\t\t\t\t\t<div class=\"elementor-element elementor-element-7306371e elementor-widget-tablet__width-initial elementor-invisible elementor-widget elementor-widget-heading\" data-id=\"7306371e\" data-element_type=\"widget\" data-settings=\"{&quot;_animation&quot;:&quot;fadeIn&quot;,&quot;_animation_delay&quot;:100}\" data-widget_type=\"heading.default\">\n\t\t\t\t<div class=\"elementor-widget-container\">\n\t\t\t\t\t<h2 class=\"elementor-heading-title elementor-size-default\">Hast du noch Fragen?<\/h2>\t\t\t\t<\/div>\n\t\t\t\t<\/div>\n\t\t\t\t<div class=\"elementor-element elementor-element-4d22695d elementor-widget-tablet__width-initial elementor-invisible elementor-widget elementor-widget-heading\" data-id=\"4d22695d\" data-element_type=\"widget\" data-settings=\"{&quot;_animation&quot;:&quot;fadeIn&quot;,&quot;_animation_delay&quot;:200}\" data-widget_type=\"heading.default\">\n\t\t\t\t<div class=\"elementor-widget-container\">\n\t\t\t\t\t<p class=\"elementor-heading-title elementor-size-default\">Solltest du noch Fragen oder Anregungen zu unseren Zellkraft\u00ae-Produkten haben oder Unterst\u00fctzung bei der Anwendung ben\u00f6tigen, kontaktiere uns gerne und vereinbare einen Beratungstermin mit einem unserer Zellkraft\u00ae-Experten.<\/p>\t\t\t\t<\/div>\n\t\t\t\t<\/div>\n\t\t\t\t<div class=\"elementor-element elementor-element-4bcb0ec8 elementor-widget__width-initial elementor-align-center elementor-mobile-align-justify elementor-widget-mobile__width-inherit elementor-invisible elementor-widget elementor-widget-button\" data-id=\"4bcb0ec8\" data-element_type=\"widget\" data-settings=\"{&quot;_animation&quot;:&quot;fadeIn&quot;,&quot;_animation_delay&quot;:300}\" data-widget_type=\"button.default\">\n\t\t\t\t<div class=\"elementor-widget-container\">\n\t\t\t\t\t\t\t\t\t<div class=\"elementor-button-wrapper\">\n\t\t\t\t\t<a class=\"elementor-button elementor-button-link elementor-size-xs elementor-animation-grow\" href=\"https:\/\/zellkraft.net\/index.php\/kontaktformular\/\">\n\t\t\t\t\t\t<span class=\"elementor-button-content-wrapper\">\n\t\t\t\t\t\t\t\t\t<span class=\"elementor-button-text\">Beratungstermin<\/span>\n\t\t\t\t\t<\/span>\n\t\t\t\t\t<\/a>\n\t\t\t\t<\/div>\n\t\t\t\t\t\t\t\t<\/div>\n\t\t\t\t<\/div>\n\t\t\t\t<div class=\"elementor-element elementor-element-429ac54a elementor-widget__width-initial elementor-align-center elementor-mobile-align-justify elementor-widget-mobile__width-inherit elementor-invisible elementor-widget elementor-widget-button\" data-id=\"429ac54a\" data-element_type=\"widget\" data-settings=\"{&quot;_animation&quot;:&quot;fadeIn&quot;,&quot;_animation_delay&quot;:300}\" data-widget_type=\"button.default\">\n\t\t\t\t<div class=\"elementor-widget-container\">\n\t\t\t\t\t\t\t\t\t<div class=\"elementor-button-wrapper\">\n\t\t\t\t\t<a class=\"elementor-button elementor-button-link elementor-size-xs elementor-animation-grow\" href=\"https:\/\/zellkraft.net\/index.php\/kontaktformular\/\">\n\t\t\t\t\t\t<span class=\"elementor-button-content-wrapper\">\n\t\t\t\t\t\t\t\t\t<span class=\"elementor-button-text\">Kontaktieren<\/span>\n\t\t\t\t\t<\/span>\n\t\t\t\t\t<\/a>\n\t\t\t\t<\/div>\n\t\t\t\t\t\t\t\t<\/div>\n\t\t\t\t<\/div>\n\t\t\t\t\t<\/div>\n\t\t<\/div>\n\t\t\t\t\t<\/div>\n\t\t<\/section>\n\t\t\t\t\t<\/div>\n\t\t<\/div>\n\t\t\t\t\t<\/div>\n\t\t<\/section>\n\t\t\t\t<\/div>\n\t\t","protected":false},"excerpt":{"rendered":"<p>ZELLKRAFT BLOG Unterst\u00fctzung f\u00fcr \u00e4ltere Pferde \u2013 Magnetfeldtherapie bei wechselndem Wetter 03. Dezember 2025 \u00c4ltere Pferde sicher durch wechselhaftes Wetter begleiten Unser Wetter wird von Jahr zu Jahr unberechenbarer. Besonders die \u00dcbergangszeiten im Fr\u00fchjahr und Herbst sind gepr\u00e4gt von starken Temperaturunterschieden: tags\u00fcber warm, nachts kalt \u2013 mal 10 Grad, dann wieder nur 1 Grad. Auch [&hellip;]<\/p>\n","protected":false},"author":1,"featured_media":0,"parent":0,"menu_order":0,"comment_status":"closed","ping_status":"closed","template":"","meta":{"ocean_post_layout":"full-screen","ocean_both_sidebars_style":"","ocean_both_sidebars_content_width":0,"ocean_both_sidebars_sidebars_width":0,"ocean_sidebar":"","ocean_second_sidebar":"","ocean_disable_margins":"enable","ocean_add_body_class":"","ocean_shortcode_before_top_bar":"","ocean_shortcode_after_top_bar":"","ocean_shortcode_before_header":"","ocean_shortcode_after_header":"","ocean_has_shortcode":"","ocean_shortcode_after_title":"","ocean_shortcode_before_footer_widgets":"","ocean_shortcode_after_footer_widgets":"","ocean_shortcode_before_footer_bottom":"","ocean_shortcode_after_footer_bottom":"","ocean_display_top_bar":"off","ocean_display_header":"off","ocean_header_style":"","ocean_center_header_left_menu":"","ocean_custom_header_template":"","ocean_custom_logo":0,"ocean_custom_retina_logo":0,"ocean_custom_logo_max_width":0,"ocean_custom_logo_tablet_max_width":0,"ocean_custom_logo_mobile_max_width":0,"ocean_custom_logo_max_height":0,"ocean_custom_logo_tablet_max_height":0,"ocean_custom_logo_mobile_max_height":0,"ocean_header_custom_menu":"","ocean_menu_typo_font_family":"","ocean_menu_typo_font_subset":"","ocean_menu_typo_font_size":0,"ocean_menu_typo_font_size_tablet":0,"ocean_menu_typo_font_size_mobile":0,"ocean_menu_typo_font_size_unit":"px","ocean_menu_typo_font_weight":"","ocean_menu_typo_font_weight_tablet":"","ocean_menu_typo_font_weight_mobile":"","ocean_menu_typo_transform":"","ocean_menu_typo_transform_tablet":"","ocean_menu_typo_transform_mobile":"","ocean_menu_typo_line_height":0,"ocean_menu_typo_line_height_tablet":0,"ocean_menu_typo_line_height_mobile":0,"ocean_menu_typo_line_height_unit":"","ocean_menu_typo_spacing":0,"ocean_menu_typo_spacing_tablet":0,"ocean_menu_typo_spacing_mobile":0,"ocean_menu_typo_spacing_unit":"","ocean_menu_link_color":"","ocean_menu_link_color_hover":"","ocean_menu_link_color_active":"","ocean_menu_link_background":"","ocean_menu_link_hover_background":"","ocean_menu_link_active_background":"","ocean_menu_social_links_bg":"","ocean_menu_social_hover_links_bg":"","ocean_menu_social_links_color":"","ocean_menu_social_hover_links_color":"","ocean_disable_title":"on","ocean_disable_heading":"default","ocean_post_title":"","ocean_post_subheading":"","ocean_post_title_style":"","ocean_post_title_background_color":"","ocean_post_title_background":0,"ocean_post_title_bg_image_position":"","ocean_post_title_bg_image_attachment":"","ocean_post_title_bg_image_repeat":"","ocean_post_title_bg_image_size":"","ocean_post_title_height":0,"ocean_post_title_bg_overlay":0.5,"ocean_post_title_bg_overlay_color":"","ocean_disable_breadcrumbs":"default","ocean_breadcrumbs_color":"","ocean_breadcrumbs_separator_color":"","ocean_breadcrumbs_links_color":"","ocean_breadcrumbs_links_hover_color":"","ocean_display_footer_widgets":"off","ocean_display_footer_bottom":"off","ocean_custom_footer_template":"","footnotes":""},"class_list":["post-14582","page","type-page","status-publish","hentry","entry"],"yoast_head":"<!-- This site is optimized with the Yoast SEO plugin v24.2 - https:\/\/yoast.com\/wordpress\/plugins\/seo\/ -->\n<title>Magnetfeldtherapie f\u00fcr \u00e4ltere Pferde bei Wetterwechseln<\/title>\n<meta name=\"description\" content=\"Regelm\u00e4\u00dfige Magnetfeldtherapie unterst\u00fctzt \u00e4ltere Pferde bei Muskelverspannungen, Gelenkproblemen und Wetterwechseln \u2013 f\u00fcr mehr Wohlbefinden.\" \/>\n<meta name=\"robots\" content=\"index, follow, max-snippet:-1, max-image-preview:large, max-video-preview:-1\" \/>\n<link rel=\"canonical\" href=\"https:\/\/zellkraft.net\/index.php\/unterstuetzung-fuer-aeltere-pferde-magnetfeldtherapie-bei-wechselndem-wetter\/\" \/>\n<meta property=\"og:locale\" content=\"de_DE\" \/>\n<meta property=\"og:type\" content=\"article\" \/>\n<meta property=\"og:title\" content=\"Magnetfeldtherapie f\u00fcr \u00e4ltere Pferde bei Wetterwechseln\" \/>\n<meta property=\"og:description\" content=\"Regelm\u00e4\u00dfige Magnetfeldtherapie unterst\u00fctzt \u00e4ltere Pferde bei Muskelverspannungen, Gelenkproblemen und Wetterwechseln \u2013 f\u00fcr mehr Wohlbefinden.\" \/>\n<meta property=\"og:url\" content=\"https:\/\/zellkraft.net\/index.php\/unterstuetzung-fuer-aeltere-pferde-magnetfeldtherapie-bei-wechselndem-wetter\/\" \/>\n<meta property=\"og:site_name\" content=\"Zellkraft\" \/>\n<meta property=\"article:modified_time\" content=\"2026-02-18T10:41:57+00:00\" \/>\n<meta property=\"og:image\" content=\"https:\/\/zellkraft.net\/zk-content\/uploads\/2025\/12\/AdobeStock_53860022-7.webp\" \/>\n\t<meta property=\"og:image:width\" content=\"1920\" \/>\n\t<meta property=\"og:image:height\" content=\"1275\" \/>\n\t<meta property=\"og:image:type\" content=\"image\/webp\" \/>\n<meta name=\"twitter:card\" content=\"summary_large_image\" \/>\n<meta name=\"twitter:label1\" content=\"Gesch\u00e4tzte Lesezeit\" \/>\n\t<meta name=\"twitter:data1\" content=\"3 Minuten\" \/>\n<script type=\"application\/ld+json\" class=\"yoast-schema-graph\">{\"@context\":\"https:\/\/schema.org\",\"@graph\":[{\"@type\":\"WebPage\",\"@id\":\"https:\/\/zellkraft.net\/index.php\/unterstuetzung-fuer-aeltere-pferde-magnetfeldtherapie-bei-wechselndem-wetter\/\",\"url\":\"https:\/\/zellkraft.net\/index.php\/unterstuetzung-fuer-aeltere-pferde-magnetfeldtherapie-bei-wechselndem-wetter\/\",\"name\":\"Magnetfeldtherapie f\u00fcr \u00e4ltere Pferde bei Wetterwechseln\",\"isPartOf\":{\"@id\":\"https:\/\/zellkraft.net\/#website\"},\"primaryImageOfPage\":{\"@id\":\"https:\/\/zellkraft.net\/index.php\/unterstuetzung-fuer-aeltere-pferde-magnetfeldtherapie-bei-wechselndem-wetter\/#primaryimage\"},\"image\":{\"@id\":\"https:\/\/zellkraft.net\/index.php\/unterstuetzung-fuer-aeltere-pferde-magnetfeldtherapie-bei-wechselndem-wetter\/#primaryimage\"},\"thumbnailUrl\":\"https:\/\/zellkraft.net\/zk-content\/uploads\/2025\/12\/AdobeStock_53860022-7-1024x680.webp\",\"datePublished\":\"2025-12-01T10:31:00+00:00\",\"dateModified\":\"2026-02-18T10:41:57+00:00\",\"description\":\"Regelm\u00e4\u00dfige Magnetfeldtherapie unterst\u00fctzt \u00e4ltere Pferde bei Muskelverspannungen, Gelenkproblemen und Wetterwechseln \u2013 f\u00fcr mehr Wohlbefinden.\",\"breadcrumb\":{\"@id\":\"https:\/\/zellkraft.net\/index.php\/unterstuetzung-fuer-aeltere-pferde-magnetfeldtherapie-bei-wechselndem-wetter\/#breadcrumb\"},\"inLanguage\":\"de\",\"potentialAction\":[{\"@type\":\"ReadAction\",\"target\":[\"https:\/\/zellkraft.net\/index.php\/unterstuetzung-fuer-aeltere-pferde-magnetfeldtherapie-bei-wechselndem-wetter\/\"]}]},{\"@type\":\"ImageObject\",\"inLanguage\":\"de\",\"@id\":\"https:\/\/zellkraft.net\/index.php\/unterstuetzung-fuer-aeltere-pferde-magnetfeldtherapie-bei-wechselndem-wetter\/#primaryimage\",\"url\":\"https:\/\/zellkraft.net\/zk-content\/uploads\/2025\/12\/AdobeStock_53860022-7.webp\",\"contentUrl\":\"https:\/\/zellkraft.net\/zk-content\/uploads\/2025\/12\/AdobeStock_53860022-7.webp\",\"width\":1920,\"height\":1275,\"caption\":\"\u00c4lteres Pferd gesund und aktiv \u2013 unterst\u00fctzt durch Magnetfeldtherapie\"},{\"@type\":\"BreadcrumbList\",\"@id\":\"https:\/\/zellkraft.net\/index.php\/unterstuetzung-fuer-aeltere-pferde-magnetfeldtherapie-bei-wechselndem-wetter\/#breadcrumb\",\"itemListElement\":[{\"@type\":\"ListItem\",\"position\":1,\"name\":\"Startseite\",\"item\":\"https:\/\/zellkraft.net\/\"},{\"@type\":\"ListItem\",\"position\":2,\"name\":\"Unterst\u00fctzung f\u00fcr \u00e4ltere Pferde \u2013 Magnetfeldtherapie bei wechselndem Wetter\"}]},{\"@type\":\"WebSite\",\"@id\":\"https:\/\/zellkraft.net\/#website\",\"url\":\"https:\/\/zellkraft.net\/\",\"name\":\"Zellkraft\",\"description\":\"|\u00a0Gesundheit f\u00fcr Pferde, die jeder leisten kann\",\"potentialAction\":[{\"@type\":\"SearchAction\",\"target\":{\"@type\":\"EntryPoint\",\"urlTemplate\":\"https:\/\/zellkraft.net\/?s={search_term_string}\"},\"query-input\":{\"@type\":\"PropertyValueSpecification\",\"valueRequired\":true,\"valueName\":\"search_term_string\"}}],\"inLanguage\":\"de\"}]}<\/script>\n<!-- \/ Yoast SEO plugin. -->","yoast_head_json":{"title":"Magnetfeldtherapie f\u00fcr \u00e4ltere Pferde bei Wetterwechseln","description":"Regelm\u00e4\u00dfige Magnetfeldtherapie unterst\u00fctzt \u00e4ltere Pferde bei Muskelverspannungen, Gelenkproblemen und Wetterwechseln \u2013 f\u00fcr mehr Wohlbefinden.","robots":{"index":"index","follow":"follow","max-snippet":"max-snippet:-1","max-image-preview":"max-image-preview:large","max-video-preview":"max-video-preview:-1"},"canonical":"https:\/\/zellkraft.net\/index.php\/unterstuetzung-fuer-aeltere-pferde-magnetfeldtherapie-bei-wechselndem-wetter\/","og_locale":"de_DE","og_type":"article","og_title":"Magnetfeldtherapie f\u00fcr \u00e4ltere Pferde bei Wetterwechseln","og_description":"Regelm\u00e4\u00dfige Magnetfeldtherapie unterst\u00fctzt \u00e4ltere Pferde bei Muskelverspannungen, Gelenkproblemen und Wetterwechseln \u2013 f\u00fcr mehr Wohlbefinden.","og_url":"https:\/\/zellkraft.net\/index.php\/unterstuetzung-fuer-aeltere-pferde-magnetfeldtherapie-bei-wechselndem-wetter\/","og_site_name":"Zellkraft","article_modified_time":"2026-02-18T10:41:57+00:00","og_image":[{"width":1920,"height":1275,"url":"https:\/\/zellkraft.net\/zk-content\/uploads\/2025\/12\/AdobeStock_53860022-7.webp","type":"image\/webp"}],"twitter_card":"summary_large_image","twitter_misc":{"Gesch\u00e4tzte Lesezeit":"3 Minuten"},"schema":{"@context":"https:\/\/schema.org","@graph":[{"@type":"WebPage","@id":"https:\/\/zellkraft.net\/index.php\/unterstuetzung-fuer-aeltere-pferde-magnetfeldtherapie-bei-wechselndem-wetter\/","url":"https:\/\/zellkraft.net\/index.php\/unterstuetzung-fuer-aeltere-pferde-magnetfeldtherapie-bei-wechselndem-wetter\/","name":"Magnetfeldtherapie f\u00fcr \u00e4ltere Pferde bei Wetterwechseln","isPartOf":{"@id":"https:\/\/zellkraft.net\/#website"},"primaryImageOfPage":{"@id":"https:\/\/zellkraft.net\/index.php\/unterstuetzung-fuer-aeltere-pferde-magnetfeldtherapie-bei-wechselndem-wetter\/#primaryimage"},"image":{"@id":"https:\/\/zellkraft.net\/index.php\/unterstuetzung-fuer-aeltere-pferde-magnetfeldtherapie-bei-wechselndem-wetter\/#primaryimage"},"thumbnailUrl":"https:\/\/zellkraft.net\/zk-content\/uploads\/2025\/12\/AdobeStock_53860022-7-1024x680.webp","datePublished":"2025-12-01T10:31:00+00:00","dateModified":"2026-02-18T10:41:57+00:00","description":"Regelm\u00e4\u00dfige Magnetfeldtherapie unterst\u00fctzt \u00e4ltere Pferde bei Muskelverspannungen, Gelenkproblemen und Wetterwechseln \u2013 f\u00fcr mehr Wohlbefinden.","breadcrumb":{"@id":"https:\/\/zellkraft.net\/index.php\/unterstuetzung-fuer-aeltere-pferde-magnetfeldtherapie-bei-wechselndem-wetter\/#breadcrumb"},"inLanguage":"de","potentialAction":[{"@type":"ReadAction","target":["https:\/\/zellkraft.net\/index.php\/unterstuetzung-fuer-aeltere-pferde-magnetfeldtherapie-bei-wechselndem-wetter\/"]}]},{"@type":"ImageObject","inLanguage":"de","@id":"https:\/\/zellkraft.net\/index.php\/unterstuetzung-fuer-aeltere-pferde-magnetfeldtherapie-bei-wechselndem-wetter\/#primaryimage","url":"https:\/\/zellkraft.net\/zk-content\/uploads\/2025\/12\/AdobeStock_53860022-7.webp","contentUrl":"https:\/\/zellkraft.net\/zk-content\/uploads\/2025\/12\/AdobeStock_53860022-7.webp","width":1920,"height":1275,"caption":"\u00c4lteres Pferd gesund und aktiv \u2013 unterst\u00fctzt durch Magnetfeldtherapie"},{"@type":"BreadcrumbList","@id":"https:\/\/zellkraft.net\/index.php\/unterstuetzung-fuer-aeltere-pferde-magnetfeldtherapie-bei-wechselndem-wetter\/#breadcrumb","itemListElement":[{"@type":"ListItem","position":1,"name":"Startseite","item":"https:\/\/zellkraft.net\/"},{"@type":"ListItem","position":2,"name":"Unterst\u00fctzung f\u00fcr \u00e4ltere Pferde \u2013 Magnetfeldtherapie bei wechselndem Wetter"}]},{"@type":"WebSite","@id":"https:\/\/zellkraft.net\/#website","url":"https:\/\/zellkraft.net\/","name":"Zellkraft","description":"|\u00a0Gesundheit f\u00fcr Pferde, die jeder leisten kann","potentialAction":[{"@type":"SearchAction","target":{"@type":"EntryPoint","urlTemplate":"https:\/\/zellkraft.net\/?s={search_term_string}"},"query-input":{"@type":"PropertyValueSpecification","valueRequired":true,"valueName":"search_term_string"}}],"inLanguage":"de"}]}},"_links":{"self":[{"href":"https:\/\/zellkraft.net\/index.php\/wp-json\/wp\/v2\/pages\/14582","targetHints":{"allow":["GET"]}}],"collection":[{"href":"https:\/\/zellkraft.net\/index.php\/wp-json\/wp\/v2\/pages"}],"about":[{"href":"https:\/\/zellkraft.net\/index.php\/wp-json\/wp\/v2\/types\/page"}],"author":[{"embeddable":true,"href":"https:\/\/zellkraft.net\/index.php\/wp-json\/wp\/v2\/users\/1"}],"replies":[{"embeddable":true,"href":"https:\/\/zellkraft.net\/index.php\/wp-json\/wp\/v2\/comments?post=14582"}],"version-history":[{"count":31,"href":"https:\/\/zellkraft.net\/index.php\/wp-json\/wp\/v2\/pages\/14582\/revisions"}],"predecessor-version":[{"id":17025,"href":"https:\/\/zellkraft.net\/index.php\/wp-json\/wp\/v2\/pages\/14582\/revisions\/17025"}],"wp:attachment":[{"href":"https:\/\/zellkraft.net\/index.php\/wp-json\/wp\/v2\/media?parent=14582"}],"curies":[{"name":"wp","href":"https:\/\/api.w.org\/{rel}","templated":true}]}}