{"id":15108,"date":"2026-01-08T14:08:59","date_gmt":"2026-01-08T14:08:59","guid":{"rendered":"https:\/\/zellkraft.net\/?page_id=15108"},"modified":"2026-02-18T10:41:08","modified_gmt":"2026-02-18T10:41:08","slug":"der-vagusnerv-beim-pferd","status":"publish","type":"page","link":"https:\/\/zellkraft.net\/index.php\/der-vagusnerv-beim-pferd\/","title":{"rendered":"Der Vagusnerv beim Pferd"},"content":{"rendered":"\t\t<div data-elementor-type=\"wp-page\" data-elementor-id=\"15108\" class=\"elementor elementor-15108\">\n\t\t\t\t<div class=\"elementor-element elementor-element-64bf1e61 e-flex e-con-boxed e-con e-parent\" data-id=\"64bf1e61\" data-element_type=\"container\" data-settings=\"{&quot;background_background&quot;:&quot;classic&quot;}\">\n\t\t\t\t\t<div class=\"e-con-inner\">\n\t\t\t\t<div class=\"elementor-element elementor-element-563dd520 elementor-align-center elementor-widget__width-initial elementor-icon-list--layout-traditional elementor-list-item-link-full_width elementor-widget elementor-widget-icon-list\" data-id=\"563dd520\" data-element_type=\"widget\" data-widget_type=\"icon-list.default\">\n\t\t\t\t<div class=\"elementor-widget-container\">\n\t\t\t\t\t\t\t<ul class=\"elementor-icon-list-items\">\n\t\t\t\t\t\t\t<li class=\"elementor-icon-list-item\">\n\t\t\t\t\t\t\t\t\t\t<span class=\"elementor-icon-list-text\">ZELLKRAFT BLOG<\/span>\n\t\t\t\t\t\t\t\t\t<\/li>\n\t\t\t\t\t\t<\/ul>\n\t\t\t\t\t\t<\/div>\n\t\t\t\t<\/div>\n\t\t\t\t<div class=\"elementor-element elementor-element-45b5c18f elementor-widget__width-initial elementor-widget elementor-widget-heading\" data-id=\"45b5c18f\" data-element_type=\"widget\" data-widget_type=\"heading.default\">\n\t\t\t\t<div class=\"elementor-widget-container\">\n\t\t\t\t\t<h1 class=\"elementor-heading-title elementor-size-default\">Der Vagusnerv beim Pferd - \nDer Vagu...was?<\/h1>\t\t\t\t<\/div>\n\t\t\t\t<\/div>\n\t\t\t\t<div class=\"elementor-element elementor-element-67436ccd elementor-widget__width-initial elementor-widget elementor-widget-text-editor\" data-id=\"67436ccd\" data-element_type=\"widget\" data-widget_type=\"text-editor.default\">\n\t\t\t\t<div class=\"elementor-widget-container\">\n\t\t\t\t\t\t\t\t\t<p>08. Januar 2026<\/p>\t\t\t\t\t\t\t\t<\/div>\n\t\t\t\t<\/div>\n\t\t\t\t<div class=\"elementor-element elementor-element-471c31be elementor-widget-mobile__width-initial elementor-widget elementor-widget-image\" data-id=\"471c31be\" data-element_type=\"widget\" data-widget_type=\"image.default\">\n\t\t\t\t<div class=\"elementor-widget-container\">\n\t\t\t\t\t\t\t\t\t\t\t\t\t\t\t\t<a href=\"https:\/\/zellkraft.net\/zk-content\/uploads\/2026\/01\/Group-7834055.webp\" data-elementor-open-lightbox=\"no\">\n\t\t\t\t\t\t\t<img fetchpriority=\"high\" decoding=\"async\" width=\"1024\" height=\"680\" src=\"https:\/\/zellkraft.net\/zk-content\/uploads\/2026\/01\/Group-7834055-1024x680.webp\" class=\"attachment-large size-large wp-image-15111\" alt=\"\" srcset=\"https:\/\/zellkraft.net\/zk-content\/uploads\/2026\/01\/Group-7834055-1024x680.webp 1024w, https:\/\/zellkraft.net\/zk-content\/uploads\/2026\/01\/Group-7834055-300x199.webp 300w, https:\/\/zellkraft.net\/zk-content\/uploads\/2026\/01\/Group-7834055-768x510.webp 768w, https:\/\/zellkraft.net\/zk-content\/uploads\/2026\/01\/Group-7834055-1536x1020.webp 1536w, https:\/\/zellkraft.net\/zk-content\/uploads\/2026\/01\/Group-7834055.webp 1920w\" sizes=\"(max-width: 1024px) 100vw, 1024px\" \/>\t\t\t\t\t\t\t\t<\/a>\n\t\t\t\t\t\t\t\t\t\t\t\t\t\t\t<\/div>\n\t\t\t\t<\/div>\n\t\t\t\t\t<\/div>\n\t\t\t\t<\/div>\n\t\t\t\t<section class=\"elementor-section elementor-top-section elementor-element elementor-element-389434c1 elementor-section-boxed elementor-section-height-default elementor-section-height-default\" data-id=\"389434c1\" data-element_type=\"section\" data-settings=\"{&quot;background_background&quot;:&quot;classic&quot;}\">\n\t\t\t\t\t\t<div class=\"elementor-container elementor-column-gap-default\">\n\t\t\t\t\t<div class=\"elementor-column elementor-col-100 elementor-top-column elementor-element elementor-element-74f6112\" data-id=\"74f6112\" data-element_type=\"column\" data-settings=\"{&quot;background_background&quot;:&quot;classic&quot;}\">\n\t\t\t<div class=\"elementor-widget-wrap elementor-element-populated\">\n\t\t\t\t\t\t<div class=\"elementor-element elementor-element-5a1fee1d elementor-widget-mobile__width-initial elementor-widget elementor-widget-heading\" data-id=\"5a1fee1d\" data-element_type=\"widget\" data-widget_type=\"heading.default\">\n\t\t\t\t<div class=\"elementor-widget-container\">\n\t\t\t\t\t<h2 class=\"elementor-heading-title elementor-size-default\">Der Vagusnerv beim Pferd \u2013 Schl\u00fcssel zur Regulation und Gesundheit<\/h2>\t\t\t\t<\/div>\n\t\t\t\t<\/div>\n\t\t\t\t<div class=\"elementor-element elementor-element-5a293dd9 elementor-widget elementor-widget-text-editor\" data-id=\"5a293dd9\" data-element_type=\"widget\" data-widget_type=\"text-editor.default\">\n\t\t\t\t<div class=\"elementor-widget-container\">\n\t\t\t\t\t\t\t\t\t<p><span style=\"font-weight: 400;\">Der Vagusnerv ist beim Pferd der wichtigste Nerv des <\/span><b>Parasympathikus<\/b>, also jenes Anteils des vegetativen Nervensystems, der f\u00fcr <b>Entspannung, Regeneration und eine gesunde Verdauung<\/b> verantwortlich ist. Er stellt die direkte Verbindung zwischen dem Gehirn und zentralen Organen wie Herz, Lunge sowie dem Magen-Darm-Trakt her.<\/p><p style=\"font-weight: 400;\">Anatomisch entspringt der Vagusnerv im Hirnstamm und verl\u00e4uft seitlich entlang der Luftr\u00f6hre durch den Hals- und Brustbereich. Er zieht weiter durch das Zwerchfell in den Bauchraum, wo er sich \u00fcber Speiser\u00f6hre, Magen, Darm und weitere Bauchorgane verzweigt.<\/p><p><b>Besonders beeinflusst <\/b><span style=\"font-weight: 400;\">wird der Vagusnerv durch Strukturen wie Kiefer, Genick (oberes Kopfgelenk) und Zwerchfell. Funktionelle Einschr\u00e4nkungen in diesen Bereichen k\u00f6nnen die Aktivit\u00e4t des Nervs negativ beeintr\u00e4chtigen und sich auf das <\/span><b>gesamte Regulationssystem<\/b><span style=\"font-weight: 400;\"> des Pferdes auswirken.<\/span><\/p>\t\t\t\t\t\t\t\t<\/div>\n\t\t\t\t<\/div>\n\t\t\t\t<div class=\"elementor-element elementor-element-7de2c7f9 elementor-widget-mobile__width-initial elementor-widget elementor-widget-heading\" data-id=\"7de2c7f9\" data-element_type=\"widget\" data-widget_type=\"heading.default\">\n\t\t\t\t<div class=\"elementor-widget-container\">\n\t\t\t\t\t<h2 class=\"elementor-heading-title elementor-size-default\">M\u00f6gliche Anzeichen einer Vagusnerv-Dysfunktion<\/h2>\t\t\t\t<\/div>\n\t\t\t\t<\/div>\n\t\t\t\t<div class=\"elementor-element elementor-element-3cc64216 elementor-widget elementor-widget-text-editor\" data-id=\"3cc64216\" data-element_type=\"widget\" data-widget_type=\"text-editor.default\">\n\t\t\t\t<div class=\"elementor-widget-container\">\n\t\t\t\t\t\t\t\t\t<p style=\"font-weight: 400;\">Eine St\u00f6rung des Vagusnervs kann sich unter anderem durch folgende Symptome \u00e4u\u00dfern:<\/p><ul style=\"font-weight: 400;\"><li>Verdauungsprobleme wie Durchfall, Kolikneigung oder Appetitlosigkeit<\/li><li>Chronische muskul\u00e4re Verspannungen, insbesondere im Nacken- und Schulterbereich<\/li><li>Blockaden im Kiefergelenk sowie im oberen Kopfgelenk (Genick)<\/li><li>Einschr\u00e4nkungen im Bereich des Zwerchfells<\/li><li>Verhaltensauff\u00e4lligkeiten wie Weben oder Headshaking<\/li><\/ul>\t\t\t\t\t\t\t\t<\/div>\n\t\t\t\t<\/div>\n\t\t\t\t<div class=\"elementor-element elementor-element-32b1ad4e elementor-widget-mobile__width-initial elementor-widget elementor-widget-heading\" data-id=\"32b1ad4e\" data-element_type=\"widget\" data-widget_type=\"heading.default\">\n\t\t\t\t<div class=\"elementor-widget-container\">\n\t\t\t\t\t<h2 class=\"elementor-heading-title elementor-size-default\">Behandlung und unterst\u00fctzende Ma\u00dfnahmen<\/h2>\t\t\t\t<\/div>\n\t\t\t\t<\/div>\n\t\t\t\t<div class=\"elementor-element elementor-element-7ad43db4 elementor-widget elementor-widget-text-editor\" data-id=\"7ad43db4\" data-element_type=\"widget\" data-widget_type=\"text-editor.default\">\n\t\t\t\t<div class=\"elementor-widget-container\">\n\t\t\t\t\t\t\t\t\t<p style=\"font-weight: 400;\">Zur Unterst\u00fctzung der Vagusnerv-Funktion hat sich unter anderem die Magnetfeldtherapie bew\u00e4hrt. Insbesondere im sensiblen Genickbereich reagieren viele Pferde sehr positiv auf diese Anwendung. Die Doppelschlaufe kann bei den meisten Pferden problemlos bis zum Genick platziert werden. Auch Behandlungen entlang des Halses, wo der Vagusnerv verl\u00e4uft, werden h\u00e4ufig als wohltuend empfunden.<\/p><p style=\"font-weight: 400;\">Erg\u00e4nzend dazu k\u00f6nnen manuelle Therapieformen wie Osteopathie und Chiropraktik sowie sanfte, rhythmische Bewegungsreize zur Aktivierung des Vagusnervs beitragen und das allgemeine Wohlbefinden des Pferdes nachhaltig unterst\u00fctzen.<\/p><p><b>Ein ruhiges Nervensystem ist die Basis f\u00fcr ein zufriedenes Pferd.<\/b><\/p>\t\t\t\t\t\t\t\t<\/div>\n\t\t\t\t<\/div>\n\t\t\t\t\t<\/div>\n\t\t<\/div>\n\t\t\t\t\t<\/div>\n\t\t<\/section>\n\t\t\t\t<section class=\"elementor-section elementor-top-section elementor-element elementor-element-210126a3 elementor-section-boxed elementor-section-height-default elementor-section-height-default\" data-id=\"210126a3\" data-element_type=\"section\">\n\t\t\t\t\t\t<div class=\"elementor-container elementor-column-gap-default\">\n\t\t\t\t\t<div class=\"elementor-column elementor-col-100 elementor-top-column elementor-element elementor-element-3f978c7f\" data-id=\"3f978c7f\" data-element_type=\"column\">\n\t\t\t<div class=\"elementor-widget-wrap elementor-element-populated\">\n\t\t\t\t\t\t<div class=\"elementor-element elementor-element-1de253eb elementor-widget elementor-widget-heading\" data-id=\"1de253eb\" data-element_type=\"widget\" data-widget_type=\"heading.default\">\n\t\t\t\t<div class=\"elementor-widget-container\">\n\t\t\t\t\t<h2 class=\"elementor-heading-title elementor-size-default\">Weitere Blogeintr\u00e4ge<\/h2>\t\t\t\t<\/div>\n\t\t\t\t<\/div>\n\t\t<div class=\"elementor-element elementor-element-4e3f367f e-flex e-con-boxed e-con e-parent\" data-id=\"4e3f367f\" data-element_type=\"container\">\n\t\t\t\t\t<div class=\"e-con-inner\">\n\t\t\t\t<div class=\"elementor-element elementor-element-32bedd0d elementor-widget__width-initial elementor-align-center elementor-mobile-align-justify elementor-widget-mobile__width-inherit elementor-invisible elementor-widget elementor-widget-button\" data-id=\"32bedd0d\" data-element_type=\"widget\" data-settings=\"{&quot;_animation&quot;:&quot;fadeIn&quot;,&quot;_animation_delay&quot;:300}\" data-widget_type=\"button.default\">\n\t\t\t\t<div class=\"elementor-widget-container\">\n\t\t\t\t\t\t\t\t\t<div class=\"elementor-button-wrapper\">\n\t\t\t\t\t<a class=\"elementor-button elementor-button-link elementor-size-xs elementor-animation-shrink\" href=\"https:\/\/zellkraft.net\/index.php\/blog\/\">\n\t\t\t\t\t\t<span class=\"elementor-button-content-wrapper\">\n\t\t\t\t\t\t\t\t\t<span class=\"elementor-button-text\">Alle Blogartikel ansehen<\/span>\n\t\t\t\t\t<\/span>\n\t\t\t\t\t<\/a>\n\t\t\t\t<\/div>\n\t\t\t\t\t\t\t\t<\/div>\n\t\t\t\t<\/div>\n\t\t\t\t\t<\/div>\n\t\t\t\t<\/div>\n\t\t\t\t\t<\/div>\n\t\t<\/div>\n\t\t\t\t\t<\/div>\n\t\t<\/section>\n\t\t<div class=\"elementor-element elementor-element-3c19d546 e-flex e-con-boxed e-con e-parent\" data-id=\"3c19d546\" data-element_type=\"container\">\n\t\t\t\t\t<div class=\"e-con-inner\">\n\t\t<a class=\"elementor-element elementor-element-72f8a71e e-con-full e-flex e-con e-child\" data-id=\"72f8a71e\" data-element_type=\"container\" href=\"https:\/\/zellkraft.net\/index.php\/magnetfeldtherapie-bei-nervoesen-unruhigen-pferden\/\">\n\t\t\t\t<div class=\"elementor-element elementor-element-43e1f081 elementor-widget elementor-widget-image\" data-id=\"43e1f081\" data-element_type=\"widget\" data-widget_type=\"image.default\">\n\t\t\t\t<div class=\"elementor-widget-container\">\n\t\t\t\t\t\t\t\t\t\t\t\t\t\t\t<img decoding=\"async\" width=\"1024\" height=\"683\" src=\"https:\/\/zellkraft.net\/zk-content\/uploads\/2025\/11\/Nervoeses_pferd-1024x683.webp\" class=\"attachment-large size-large wp-image-14397\" alt=\"\" srcset=\"https:\/\/zellkraft.net\/zk-content\/uploads\/2025\/11\/Nervoeses_pferd-1024x683.webp 1024w, https:\/\/zellkraft.net\/zk-content\/uploads\/2025\/11\/Nervoeses_pferd-300x200.webp 300w, https:\/\/zellkraft.net\/zk-content\/uploads\/2025\/11\/Nervoeses_pferd-768x512.webp 768w, https:\/\/zellkraft.net\/zk-content\/uploads\/2025\/11\/Nervoeses_pferd-1536x1024.webp 1536w, https:\/\/zellkraft.net\/zk-content\/uploads\/2025\/11\/Nervoeses_pferd.webp 1920w\" sizes=\"(max-width: 1024px) 100vw, 1024px\" \/>\t\t\t\t\t\t\t\t\t\t\t\t\t\t\t<\/div>\n\t\t\t\t<\/div>\n\t\t\t\t<div class=\"elementor-element elementor-element-761cc24c elementor-widget__width-initial elementor-widget elementor-widget-heading\" data-id=\"761cc24c\" data-element_type=\"widget\" data-widget_type=\"heading.default\">\n\t\t\t\t<div class=\"elementor-widget-container\">\n\t\t\t\t\t<h2 class=\"elementor-heading-title elementor-size-default\">\nMagnetfeldtherapie bei nerv\u00f6sen &amp; unruhigen Pferden<\/h2>\t\t\t\t<\/div>\n\t\t\t\t<\/div>\n\t\t\t\t<\/a>\n\t\t<a class=\"elementor-element elementor-element-11660fb8 e-con-full e-flex e-con e-child\" data-id=\"11660fb8\" data-element_type=\"container\" href=\"https:\/\/zellkraft.net\/index.php\/technologie\/\">\n\t\t\t\t<div class=\"elementor-element elementor-element-43ef3d99 elementor-widget elementor-widget-image\" data-id=\"43ef3d99\" data-element_type=\"widget\" data-widget_type=\"image.default\">\n\t\t\t\t<div class=\"elementor-widget-container\">\n\t\t\t\t\t\t\t\t\t\t\t\t\t\t\t<img decoding=\"async\" width=\"1024\" height=\"680\" src=\"https:\/\/zellkraft.net\/zk-content\/uploads\/2026\/01\/AdobeStock_53860022-9-1024x680.webp\" class=\"attachment-large size-large wp-image-15004\" alt=\"\" srcset=\"https:\/\/zellkraft.net\/zk-content\/uploads\/2026\/01\/AdobeStock_53860022-9-1024x680.webp 1024w, https:\/\/zellkraft.net\/zk-content\/uploads\/2026\/01\/AdobeStock_53860022-9-300x199.webp 300w, https:\/\/zellkraft.net\/zk-content\/uploads\/2026\/01\/AdobeStock_53860022-9-768x510.webp 768w, https:\/\/zellkraft.net\/zk-content\/uploads\/2026\/01\/AdobeStock_53860022-9-1536x1020.webp 1536w, https:\/\/zellkraft.net\/zk-content\/uploads\/2026\/01\/AdobeStock_53860022-9.webp 1920w\" sizes=\"(max-width: 1024px) 100vw, 1024px\" \/>\t\t\t\t\t\t\t\t\t\t\t\t\t\t\t<\/div>\n\t\t\t\t<\/div>\n\t\t\t\t<div class=\"elementor-element elementor-element-7cae5a96 elementor-widget__width-initial elementor-widget elementor-widget-heading\" data-id=\"7cae5a96\" data-element_type=\"widget\" data-widget_type=\"heading.default\">\n\t\t\t\t<div class=\"elementor-widget-container\">\n\t\t\t\t\t<h2 class=\"elementor-heading-title elementor-size-default\">Linear-parabolische-Leistungssteigerung<\/h2>\t\t\t\t<\/div>\n\t\t\t\t<\/div>\n\t\t\t\t<\/a>\n\t\t<a class=\"elementor-element elementor-element-1aa9865c e-con-full e-flex e-con e-child\" data-id=\"1aa9865c\" data-element_type=\"container\" href=\"https:\/\/zellkraft.net\/index.php\/magnetfeldtherapie-fuer-pferde\/\">\n\t\t\t\t<div class=\"elementor-element elementor-element-591bfbd elementor-widget elementor-widget-image\" data-id=\"591bfbd\" data-element_type=\"widget\" data-widget_type=\"image.default\">\n\t\t\t\t<div class=\"elementor-widget-container\">\n\t\t\t\t\t\t\t\t\t\t\t\t\t\t\t<img loading=\"lazy\" decoding=\"async\" width=\"1024\" height=\"683\" src=\"https:\/\/zellkraft.net\/zk-content\/uploads\/2026\/01\/AdobeStock_638660166-1-1024x683.webp\" class=\"attachment-large size-large wp-image-15005\" alt=\"\" srcset=\"https:\/\/zellkraft.net\/zk-content\/uploads\/2026\/01\/AdobeStock_638660166-1-1024x683.webp 1024w, https:\/\/zellkraft.net\/zk-content\/uploads\/2026\/01\/AdobeStock_638660166-1-300x200.webp 300w, https:\/\/zellkraft.net\/zk-content\/uploads\/2026\/01\/AdobeStock_638660166-1-768x512.webp 768w, https:\/\/zellkraft.net\/zk-content\/uploads\/2026\/01\/AdobeStock_638660166-1-1536x1024.webp 1536w, https:\/\/zellkraft.net\/zk-content\/uploads\/2026\/01\/AdobeStock_638660166-1.webp 1920w\" sizes=\"(max-width: 1024px) 100vw, 1024px\" \/>\t\t\t\t\t\t\t\t\t\t\t\t\t\t\t<\/div>\n\t\t\t\t<\/div>\n\t\t\t\t<div class=\"elementor-element elementor-element-78802c5b elementor-widget__width-initial elementor-widget elementor-widget-heading\" data-id=\"78802c5b\" data-element_type=\"widget\" data-widget_type=\"heading.default\">\n\t\t\t\t<div class=\"elementor-widget-container\">\n\t\t\t\t\t<h2 class=\"elementor-heading-title elementor-size-default\">So wirkt Magnetfeldtherapie: einfach erkl\u00e4rt<\/h2>\t\t\t\t<\/div>\n\t\t\t\t<\/div>\n\t\t\t\t<\/a>\n\t\t\t\t\t<\/div>\n\t\t\t\t<\/div>\n\t\t\t\t<section class=\"elementor-section elementor-top-section elementor-element elementor-element-2766fe8a elementor-section-boxed elementor-section-height-default elementor-section-height-default\" data-id=\"2766fe8a\" data-element_type=\"section\" data-settings=\"{&quot;background_background&quot;:&quot;classic&quot;}\">\n\t\t\t\t\t\t\t<div class=\"elementor-background-overlay\"><\/div>\n\t\t\t\t\t\t\t<div class=\"elementor-container elementor-column-gap-default\">\n\t\t\t\t\t<div class=\"elementor-column elementor-col-50 elementor-top-column elementor-element elementor-element-14549348\" data-id=\"14549348\" data-element_type=\"column\">\n\t\t\t<div class=\"elementor-widget-wrap\">\n\t\t\t\t\t\t\t<\/div>\n\t\t<\/div>\n\t\t\t\t<div class=\"elementor-column elementor-col-50 elementor-top-column elementor-element elementor-element-932c3ab\" data-id=\"932c3ab\" data-element_type=\"column\">\n\t\t\t<div class=\"elementor-widget-wrap elementor-element-populated\">\n\t\t\t\t\t\t<section class=\"elementor-section elementor-inner-section elementor-element elementor-element-2b4e0b7f elementor-section-full_width elementor-section-height-default elementor-section-height-default\" data-id=\"2b4e0b7f\" data-element_type=\"section\">\n\t\t\t\t\t\t<div class=\"elementor-container elementor-column-gap-wider\">\n\t\t\t\t\t<div class=\"elementor-column elementor-col-100 elementor-inner-column elementor-element elementor-element-43246f3b\" data-id=\"43246f3b\" data-element_type=\"column\">\n\t\t\t<div class=\"elementor-widget-wrap elementor-element-populated\">\n\t\t\t\t\t\t<div class=\"elementor-element elementor-element-b63c36f elementor-widget-tablet__width-initial elementor-invisible elementor-widget elementor-widget-heading\" data-id=\"b63c36f\" data-element_type=\"widget\" data-settings=\"{&quot;_animation&quot;:&quot;fadeIn&quot;,&quot;_animation_delay&quot;:100}\" data-widget_type=\"heading.default\">\n\t\t\t\t<div class=\"elementor-widget-container\">\n\t\t\t\t\t<h2 class=\"elementor-heading-title elementor-size-default\">Hast du noch Fragen?<\/h2>\t\t\t\t<\/div>\n\t\t\t\t<\/div>\n\t\t\t\t<div class=\"elementor-element elementor-element-176ee4d2 elementor-widget-tablet__width-initial elementor-invisible elementor-widget elementor-widget-heading\" data-id=\"176ee4d2\" data-element_type=\"widget\" data-settings=\"{&quot;_animation&quot;:&quot;fadeIn&quot;,&quot;_animation_delay&quot;:200}\" data-widget_type=\"heading.default\">\n\t\t\t\t<div class=\"elementor-widget-container\">\n\t\t\t\t\t<p class=\"elementor-heading-title elementor-size-default\">Solltest du noch Fragen oder Anregungen zu unseren Zellkraft\u00ae-Produkten haben oder Unterst\u00fctzung bei der Anwendung ben\u00f6tigen, kontaktiere uns gerne und vereinbare einen Beratungstermin mit einem unserer Zellkraft\u00ae-Experten.<\/p>\t\t\t\t<\/div>\n\t\t\t\t<\/div>\n\t\t\t\t<div class=\"elementor-element elementor-element-4b52d673 elementor-widget__width-initial elementor-align-center elementor-mobile-align-justify elementor-widget-mobile__width-inherit elementor-invisible elementor-widget elementor-widget-button\" data-id=\"4b52d673\" data-element_type=\"widget\" data-settings=\"{&quot;_animation&quot;:&quot;fadeIn&quot;,&quot;_animation_delay&quot;:300}\" data-widget_type=\"button.default\">\n\t\t\t\t<div class=\"elementor-widget-container\">\n\t\t\t\t\t\t\t\t\t<div class=\"elementor-button-wrapper\">\n\t\t\t\t\t<a class=\"elementor-button elementor-button-link elementor-size-xs elementor-animation-grow\" href=\"https:\/\/zellkraft.net\/index.php\/kontaktformular\/\">\n\t\t\t\t\t\t<span class=\"elementor-button-content-wrapper\">\n\t\t\t\t\t\t\t\t\t<span class=\"elementor-button-text\">Beratungstermin<\/span>\n\t\t\t\t\t<\/span>\n\t\t\t\t\t<\/a>\n\t\t\t\t<\/div>\n\t\t\t\t\t\t\t\t<\/div>\n\t\t\t\t<\/div>\n\t\t\t\t<div class=\"elementor-element elementor-element-6ae0d3a4 elementor-widget__width-initial elementor-align-center elementor-mobile-align-justify elementor-widget-mobile__width-inherit elementor-invisible elementor-widget elementor-widget-button\" data-id=\"6ae0d3a4\" data-element_type=\"widget\" data-settings=\"{&quot;_animation&quot;:&quot;fadeIn&quot;,&quot;_animation_delay&quot;:300}\" data-widget_type=\"button.default\">\n\t\t\t\t<div class=\"elementor-widget-container\">\n\t\t\t\t\t\t\t\t\t<div class=\"elementor-button-wrapper\">\n\t\t\t\t\t<a class=\"elementor-button elementor-button-link elementor-size-xs elementor-animation-grow\" href=\"https:\/\/zellkraft.net\/index.php\/kontaktformular\/\">\n\t\t\t\t\t\t<span class=\"elementor-button-content-wrapper\">\n\t\t\t\t\t\t\t\t\t<span class=\"elementor-button-text\">Kontaktieren<\/span>\n\t\t\t\t\t<\/span>\n\t\t\t\t\t<\/a>\n\t\t\t\t<\/div>\n\t\t\t\t\t\t\t\t<\/div>\n\t\t\t\t<\/div>\n\t\t\t\t\t<\/div>\n\t\t<\/div>\n\t\t\t\t\t<\/div>\n\t\t<\/section>\n\t\t\t\t\t<\/div>\n\t\t<\/div>\n\t\t\t\t\t<\/div>\n\t\t<\/section>\n\t\t\t\t<\/div>\n\t\t","protected":false},"excerpt":{"rendered":"<p>ZELLKRAFT BLOG Der Vagusnerv beim Pferd &#8211; Der Vagu&#8230;was? 08. Januar 2026 Der Vagusnerv beim Pferd \u2013 Schl\u00fcssel zur Regulation und Gesundheit Der Vagusnerv ist beim Pferd der wichtigste Nerv des Parasympathikus, also jenes Anteils des vegetativen Nervensystems, der f\u00fcr Entspannung, Regeneration und eine gesunde Verdauung verantwortlich ist. Er stellt die direkte Verbindung zwischen dem [&hellip;]<\/p>\n","protected":false},"author":1,"featured_media":0,"parent":0,"menu_order":0,"comment_status":"closed","ping_status":"closed","template":"","meta":{"ocean_post_layout":"full-screen","ocean_both_sidebars_style":"","ocean_both_sidebars_content_width":0,"ocean_both_sidebars_sidebars_width":0,"ocean_sidebar":"","ocean_second_sidebar":"","ocean_disable_margins":"on","ocean_add_body_class":"","ocean_shortcode_before_top_bar":"","ocean_shortcode_after_top_bar":"","ocean_shortcode_before_header":"","ocean_shortcode_after_header":"","ocean_has_shortcode":"","ocean_shortcode_after_title":"","ocean_shortcode_before_footer_widgets":"","ocean_shortcode_after_footer_widgets":"","ocean_shortcode_before_footer_bottom":"","ocean_shortcode_after_footer_bottom":"","ocean_display_top_bar":"off","ocean_display_header":"off","ocean_header_style":"","ocean_center_header_left_menu":"","ocean_custom_header_template":"","ocean_custom_logo":0,"ocean_custom_retina_logo":0,"ocean_custom_logo_max_width":0,"ocean_custom_logo_tablet_max_width":0,"ocean_custom_logo_mobile_max_width":0,"ocean_custom_logo_max_height":0,"ocean_custom_logo_tablet_max_height":0,"ocean_custom_logo_mobile_max_height":0,"ocean_header_custom_menu":"","ocean_menu_typo_font_family":"","ocean_menu_typo_font_subset":"","ocean_menu_typo_font_size":0,"ocean_menu_typo_font_size_tablet":0,"ocean_menu_typo_font_size_mobile":0,"ocean_menu_typo_font_size_unit":"px","ocean_menu_typo_font_weight":"","ocean_menu_typo_font_weight_tablet":"","ocean_menu_typo_font_weight_mobile":"","ocean_menu_typo_transform":"","ocean_menu_typo_transform_tablet":"","ocean_menu_typo_transform_mobile":"","ocean_menu_typo_line_height":0,"ocean_menu_typo_line_height_tablet":0,"ocean_menu_typo_line_height_mobile":0,"ocean_menu_typo_line_height_unit":"","ocean_menu_typo_spacing":0,"ocean_menu_typo_spacing_tablet":0,"ocean_menu_typo_spacing_mobile":0,"ocean_menu_typo_spacing_unit":"","ocean_menu_link_color":"","ocean_menu_link_color_hover":"","ocean_menu_link_color_active":"","ocean_menu_link_background":"","ocean_menu_link_hover_background":"","ocean_menu_link_active_background":"","ocean_menu_social_links_bg":"","ocean_menu_social_hover_links_bg":"","ocean_menu_social_links_color":"","ocean_menu_social_hover_links_color":"","ocean_disable_title":"on","ocean_disable_heading":"default","ocean_post_title":"","ocean_post_subheading":"","ocean_post_title_style":"","ocean_post_title_background_color":"","ocean_post_title_background":0,"ocean_post_title_bg_image_position":"","ocean_post_title_bg_image_attachment":"","ocean_post_title_bg_image_repeat":"","ocean_post_title_bg_image_size":"","ocean_post_title_height":0,"ocean_post_title_bg_overlay":0.5,"ocean_post_title_bg_overlay_color":"","ocean_disable_breadcrumbs":"default","ocean_breadcrumbs_color":"","ocean_breadcrumbs_separator_color":"","ocean_breadcrumbs_links_color":"","ocean_breadcrumbs_links_hover_color":"","ocean_display_footer_widgets":"off","ocean_display_footer_bottom":"off","ocean_custom_footer_template":"","footnotes":""},"class_list":["post-15108","page","type-page","status-publish","hentry","entry"],"yoast_head":"<!-- This site is optimized with the Yoast SEO plugin v24.2 - https:\/\/yoast.com\/wordpress\/plugins\/seo\/ -->\n<title>Vagusnerv beim Pferd: Funktion, Symptome &amp; Unterst\u00fctzung | Zellkraft<\/title>\n<meta name=\"description\" content=\"Was ist der Vagusnerv beim Pferd? Erfahre seine Funktion, m\u00f6gliche Anzeichen einer Dysfunktion und unterst\u00fctzende Ma\u00dfnahmen zur Regulation.\" \/>\n<meta name=\"robots\" content=\"index, follow, max-snippet:-1, max-image-preview:large, max-video-preview:-1\" \/>\n<link rel=\"canonical\" href=\"https:\/\/zellkraft.net\/index.php\/der-vagusnerv-beim-pferd\/\" \/>\n<meta property=\"og:locale\" content=\"de_DE\" \/>\n<meta property=\"og:type\" content=\"article\" \/>\n<meta property=\"og:title\" content=\"Vagusnerv beim Pferd: Funktion, Symptome &amp; Unterst\u00fctzung | Zellkraft\" \/>\n<meta property=\"og:description\" content=\"Was ist der Vagusnerv beim Pferd? Erfahre seine Funktion, m\u00f6gliche Anzeichen einer Dysfunktion und unterst\u00fctzende Ma\u00dfnahmen zur Regulation.\" \/>\n<meta property=\"og:url\" content=\"https:\/\/zellkraft.net\/index.php\/der-vagusnerv-beim-pferd\/\" \/>\n<meta property=\"og:site_name\" content=\"Zellkraft\" \/>\n<meta property=\"article:modified_time\" content=\"2026-02-18T10:41:08+00:00\" \/>\n<meta property=\"og:image\" content=\"https:\/\/zellkraft.net\/zk-content\/uploads\/2026\/01\/Group-7834055.webp\" \/>\n\t<meta property=\"og:image:width\" content=\"1920\" \/>\n\t<meta property=\"og:image:height\" content=\"1275\" \/>\n\t<meta property=\"og:image:type\" content=\"image\/webp\" \/>\n<meta name=\"twitter:card\" content=\"summary_large_image\" \/>\n<meta name=\"twitter:label1\" content=\"Gesch\u00e4tzte Lesezeit\" \/>\n\t<meta name=\"twitter:data1\" content=\"3 Minuten\" \/>\n<script type=\"application\/ld+json\" class=\"yoast-schema-graph\">{\"@context\":\"https:\/\/schema.org\",\"@graph\":[{\"@type\":\"WebPage\",\"@id\":\"https:\/\/zellkraft.net\/index.php\/der-vagusnerv-beim-pferd\/\",\"url\":\"https:\/\/zellkraft.net\/index.php\/der-vagusnerv-beim-pferd\/\",\"name\":\"Vagusnerv beim Pferd: Funktion, Symptome & Unterst\u00fctzung | Zellkraft\",\"isPartOf\":{\"@id\":\"https:\/\/zellkraft.net\/#website\"},\"primaryImageOfPage\":{\"@id\":\"https:\/\/zellkraft.net\/index.php\/der-vagusnerv-beim-pferd\/#primaryimage\"},\"image\":{\"@id\":\"https:\/\/zellkraft.net\/index.php\/der-vagusnerv-beim-pferd\/#primaryimage\"},\"thumbnailUrl\":\"https:\/\/zellkraft.net\/zk-content\/uploads\/2026\/01\/Group-7834055-1024x680.webp\",\"datePublished\":\"2026-01-08T14:08:59+00:00\",\"dateModified\":\"2026-02-18T10:41:08+00:00\",\"description\":\"Was ist der Vagusnerv beim Pferd? Erfahre seine Funktion, m\u00f6gliche Anzeichen einer Dysfunktion und unterst\u00fctzende Ma\u00dfnahmen zur Regulation.\",\"breadcrumb\":{\"@id\":\"https:\/\/zellkraft.net\/index.php\/der-vagusnerv-beim-pferd\/#breadcrumb\"},\"inLanguage\":\"de\",\"potentialAction\":[{\"@type\":\"ReadAction\",\"target\":[\"https:\/\/zellkraft.net\/index.php\/der-vagusnerv-beim-pferd\/\"]}]},{\"@type\":\"ImageObject\",\"inLanguage\":\"de\",\"@id\":\"https:\/\/zellkraft.net\/index.php\/der-vagusnerv-beim-pferd\/#primaryimage\",\"url\":\"https:\/\/zellkraft.net\/zk-content\/uploads\/2026\/01\/Group-7834055.webp\",\"contentUrl\":\"https:\/\/zellkraft.net\/zk-content\/uploads\/2026\/01\/Group-7834055.webp\",\"width\":1920,\"height\":1275},{\"@type\":\"BreadcrumbList\",\"@id\":\"https:\/\/zellkraft.net\/index.php\/der-vagusnerv-beim-pferd\/#breadcrumb\",\"itemListElement\":[{\"@type\":\"ListItem\",\"position\":1,\"name\":\"Startseite\",\"item\":\"https:\/\/zellkraft.net\/\"},{\"@type\":\"ListItem\",\"position\":2,\"name\":\"Der Vagusnerv beim Pferd\"}]},{\"@type\":\"WebSite\",\"@id\":\"https:\/\/zellkraft.net\/#website\",\"url\":\"https:\/\/zellkraft.net\/\",\"name\":\"Zellkraft\",\"description\":\"|\u00a0Gesundheit f\u00fcr Pferde, die jeder leisten kann\",\"potentialAction\":[{\"@type\":\"SearchAction\",\"target\":{\"@type\":\"EntryPoint\",\"urlTemplate\":\"https:\/\/zellkraft.net\/?s={search_term_string}\"},\"query-input\":{\"@type\":\"PropertyValueSpecification\",\"valueRequired\":true,\"valueName\":\"search_term_string\"}}],\"inLanguage\":\"de\"}]}<\/script>\n<!-- \/ Yoast SEO plugin. -->","yoast_head_json":{"title":"Vagusnerv beim Pferd: Funktion, Symptome & Unterst\u00fctzung | Zellkraft","description":"Was ist der Vagusnerv beim Pferd? Erfahre seine Funktion, m\u00f6gliche Anzeichen einer Dysfunktion und unterst\u00fctzende Ma\u00dfnahmen zur Regulation.","robots":{"index":"index","follow":"follow","max-snippet":"max-snippet:-1","max-image-preview":"max-image-preview:large","max-video-preview":"max-video-preview:-1"},"canonical":"https:\/\/zellkraft.net\/index.php\/der-vagusnerv-beim-pferd\/","og_locale":"de_DE","og_type":"article","og_title":"Vagusnerv beim Pferd: Funktion, Symptome & Unterst\u00fctzung | Zellkraft","og_description":"Was ist der Vagusnerv beim Pferd? Erfahre seine Funktion, m\u00f6gliche Anzeichen einer Dysfunktion und unterst\u00fctzende Ma\u00dfnahmen zur Regulation.","og_url":"https:\/\/zellkraft.net\/index.php\/der-vagusnerv-beim-pferd\/","og_site_name":"Zellkraft","article_modified_time":"2026-02-18T10:41:08+00:00","og_image":[{"width":1920,"height":1275,"url":"https:\/\/zellkraft.net\/zk-content\/uploads\/2026\/01\/Group-7834055.webp","type":"image\/webp"}],"twitter_card":"summary_large_image","twitter_misc":{"Gesch\u00e4tzte Lesezeit":"3 Minuten"},"schema":{"@context":"https:\/\/schema.org","@graph":[{"@type":"WebPage","@id":"https:\/\/zellkraft.net\/index.php\/der-vagusnerv-beim-pferd\/","url":"https:\/\/zellkraft.net\/index.php\/der-vagusnerv-beim-pferd\/","name":"Vagusnerv beim Pferd: Funktion, Symptome & Unterst\u00fctzung | Zellkraft","isPartOf":{"@id":"https:\/\/zellkraft.net\/#website"},"primaryImageOfPage":{"@id":"https:\/\/zellkraft.net\/index.php\/der-vagusnerv-beim-pferd\/#primaryimage"},"image":{"@id":"https:\/\/zellkraft.net\/index.php\/der-vagusnerv-beim-pferd\/#primaryimage"},"thumbnailUrl":"https:\/\/zellkraft.net\/zk-content\/uploads\/2026\/01\/Group-7834055-1024x680.webp","datePublished":"2026-01-08T14:08:59+00:00","dateModified":"2026-02-18T10:41:08+00:00","description":"Was ist der Vagusnerv beim Pferd? Erfahre seine Funktion, m\u00f6gliche Anzeichen einer Dysfunktion und unterst\u00fctzende Ma\u00dfnahmen zur Regulation.","breadcrumb":{"@id":"https:\/\/zellkraft.net\/index.php\/der-vagusnerv-beim-pferd\/#breadcrumb"},"inLanguage":"de","potentialAction":[{"@type":"ReadAction","target":["https:\/\/zellkraft.net\/index.php\/der-vagusnerv-beim-pferd\/"]}]},{"@type":"ImageObject","inLanguage":"de","@id":"https:\/\/zellkraft.net\/index.php\/der-vagusnerv-beim-pferd\/#primaryimage","url":"https:\/\/zellkraft.net\/zk-content\/uploads\/2026\/01\/Group-7834055.webp","contentUrl":"https:\/\/zellkraft.net\/zk-content\/uploads\/2026\/01\/Group-7834055.webp","width":1920,"height":1275},{"@type":"BreadcrumbList","@id":"https:\/\/zellkraft.net\/index.php\/der-vagusnerv-beim-pferd\/#breadcrumb","itemListElement":[{"@type":"ListItem","position":1,"name":"Startseite","item":"https:\/\/zellkraft.net\/"},{"@type":"ListItem","position":2,"name":"Der Vagusnerv beim Pferd"}]},{"@type":"WebSite","@id":"https:\/\/zellkraft.net\/#website","url":"https:\/\/zellkraft.net\/","name":"Zellkraft","description":"|\u00a0Gesundheit f\u00fcr Pferde, die jeder leisten kann","potentialAction":[{"@type":"SearchAction","target":{"@type":"EntryPoint","urlTemplate":"https:\/\/zellkraft.net\/?s={search_term_string}"},"query-input":{"@type":"PropertyValueSpecification","valueRequired":true,"valueName":"search_term_string"}}],"inLanguage":"de"}]}},"_links":{"self":[{"href":"https:\/\/zellkraft.net\/index.php\/wp-json\/wp\/v2\/pages\/15108","targetHints":{"allow":["GET"]}}],"collection":[{"href":"https:\/\/zellkraft.net\/index.php\/wp-json\/wp\/v2\/pages"}],"about":[{"href":"https:\/\/zellkraft.net\/index.php\/wp-json\/wp\/v2\/types\/page"}],"author":[{"embeddable":true,"href":"https:\/\/zellkraft.net\/index.php\/wp-json\/wp\/v2\/users\/1"}],"replies":[{"embeddable":true,"href":"https:\/\/zellkraft.net\/index.php\/wp-json\/wp\/v2\/comments?post=15108"}],"version-history":[{"count":10,"href":"https:\/\/zellkraft.net\/index.php\/wp-json\/wp\/v2\/pages\/15108\/revisions"}],"predecessor-version":[{"id":17019,"href":"https:\/\/zellkraft.net\/index.php\/wp-json\/wp\/v2\/pages\/15108\/revisions\/17019"}],"wp:attachment":[{"href":"https:\/\/zellkraft.net\/index.php\/wp-json\/wp\/v2\/media?parent=15108"}],"curies":[{"name":"wp","href":"https:\/\/api.w.org\/{rel}","templated":true}]}}