{"id":16423,"date":"2026-01-22T10:43:11","date_gmt":"2026-01-22T10:43:11","guid":{"rendered":"https:\/\/zellkraft.net\/?page_id=16423"},"modified":"2026-01-22T12:46:52","modified_gmt":"2026-01-22T12:46:52","slug":"pemf-pferd-winter","status":"publish","type":"page","link":"https:\/\/zellkraft.net\/index.php\/pemf-pferd-winter\/","title":{"rendered":"\u00c4ltere Pferde &amp; wechselndes Wetter \u2013 Magnetfeldunterst\u00fctzung: Programme, Anwendung &amp; Alltagstauglichkeit"},"content":{"rendered":"\t\t<div data-elementor-type=\"wp-page\" data-elementor-id=\"16423\" class=\"elementor elementor-16423\">\n\t\t\t\t<div class=\"elementor-element elementor-element-5c064858 e-flex e-con-boxed e-con e-parent\" data-id=\"5c064858\" data-element_type=\"container\" data-settings=\"{&quot;background_background&quot;:&quot;classic&quot;}\">\n\t\t\t\t\t<div class=\"e-con-inner\">\n\t\t\t\t<div class=\"elementor-element elementor-element-46fd8915 elementor-align-center elementor-widget__width-initial elementor-icon-list--layout-traditional elementor-list-item-link-full_width elementor-widget elementor-widget-icon-list\" data-id=\"46fd8915\" data-element_type=\"widget\" data-widget_type=\"icon-list.default\">\n\t\t\t\t<div class=\"elementor-widget-container\">\n\t\t\t\t\t\t\t<ul class=\"elementor-icon-list-items\">\n\t\t\t\t\t\t\t<li class=\"elementor-icon-list-item\">\n\t\t\t\t\t\t\t\t\t\t<span class=\"elementor-icon-list-text\">Fakten & \u00dcbersicht<\/span>\n\t\t\t\t\t\t\t\t\t<\/li>\n\t\t\t\t\t\t<\/ul>\n\t\t\t\t\t\t<\/div>\n\t\t\t\t<\/div>\n\t\t\t\t<div class=\"elementor-element elementor-element-4826f206 elementor-widget__width-initial elementor-widget elementor-widget-heading\" data-id=\"4826f206\" data-element_type=\"widget\" data-widget_type=\"heading.default\">\n\t\t\t\t<div class=\"elementor-widget-container\">\n\t\t\t\t\t<h1 class=\"elementor-heading-title elementor-size-default\">\u00c4ltere Pferde &amp; wechselndes Wetter \u2013 Magnetfeldunterst\u00fctzung: Programme, Anwendung &amp; Alltagstauglichkeit<\/h1>\t\t\t\t<\/div>\n\t\t\t\t<\/div>\n\t\t\t\t\t<\/div>\n\t\t\t\t<\/div>\n\t\t\t\t<section class=\"elementor-section elementor-top-section elementor-element elementor-element-12fc8c48 elementor-section-boxed elementor-section-height-default elementor-section-height-default\" data-id=\"12fc8c48\" data-element_type=\"section\" data-settings=\"{&quot;background_background&quot;:&quot;classic&quot;}\">\n\t\t\t\t\t\t<div class=\"elementor-container elementor-column-gap-default\">\n\t\t\t\t\t<div class=\"elementor-column elementor-col-100 elementor-top-column elementor-element elementor-element-762b73fb\" data-id=\"762b73fb\" data-element_type=\"column\" data-settings=\"{&quot;background_background&quot;:&quot;classic&quot;}\">\n\t\t\t<div class=\"elementor-widget-wrap elementor-element-populated\">\n\t\t\t\t\t\t<div class=\"elementor-element elementor-element-59118c28 elementor-widget-mobile__width-initial elementor-widget elementor-widget-heading\" data-id=\"59118c28\" data-element_type=\"widget\" data-widget_type=\"heading.default\">\n\t\t\t\t<div class=\"elementor-widget-container\">\n\t\t\t\t\t<h2 class=\"elementor-heading-title elementor-size-default\">Warum \u00e4ltere Pferde bei Wetterumschw\u00fcngen sensibel reagieren<\/h2>\t\t\t\t<\/div>\n\t\t\t\t<\/div>\n\t\t\t\t<div class=\"elementor-element elementor-element-5c999edf elementor-widget elementor-widget-text-editor\" data-id=\"5c999edf\" data-element_type=\"widget\" data-widget_type=\"text-editor.default\">\n\t\t\t\t<div class=\"elementor-widget-container\">\n\t\t\t\t\t\t\t\t\t<p data-start=\"403\" data-end=\"606\">Mit zunehmendem Alter reagieren Pferde oft sensibler auf Temperatur- und Luftdruckver\u00e4nderungen. Gelenke, Muskulatur und Bindegewebe k\u00f6nnen verspannter oder weniger elastisch sein. Das f\u00fchrt manchmal zu:<\/p><ul data-start=\"608\" data-end=\"750\"><li data-start=\"608\" data-end=\"662\"><p data-start=\"610\" data-end=\"662\">Steifigkeit nach Ruhephasen oder Wetterumschw\u00fcngen<\/p><\/li><li data-start=\"663\" data-end=\"698\"><p data-start=\"665\" data-end=\"698\">Eingeschr\u00e4nkter Bewegungsfreude<\/p><\/li><li data-start=\"699\" data-end=\"750\"><p data-start=\"701\" data-end=\"750\">L\u00e4ngeren Aufw\u00e4rmphasen vor Arbeit oder Training<\/p><\/li><\/ul><p data-start=\"752\" data-end=\"900\">Diese Ver\u00e4nderungen sind <strong data-start=\"777\" data-end=\"796\">normal im Alter<\/strong>. Ziel ist nicht Heilung, sondern <strong data-start=\"830\" data-end=\"858\">unterst\u00fctzende Ma\u00dfnahmen<\/strong>, um Beweglichkeit und Komfort zu f\u00f6rdern.<\/p>\t\t\t\t\t\t\t\t<\/div>\n\t\t\t\t<\/div>\n\t\t\t\t<div class=\"elementor-element elementor-element-3dc799a9 elementor-widget-mobile__width-initial elementor-widget elementor-widget-heading\" data-id=\"3dc799a9\" data-element_type=\"widget\" data-widget_type=\"heading.default\">\n\t\t\t\t<div class=\"elementor-widget-container\">\n\t\t\t\t\t<h2 class=\"elementor-heading-title elementor-size-default\">Was Magnetfeldanwendungen leisten k\u00f6nnen \u2013 und was nicht<\/h2>\t\t\t\t<\/div>\n\t\t\t\t<\/div>\n\t\t\t\t<div class=\"elementor-element elementor-element-2c6a7439 elementor-widget elementor-widget-text-editor\" data-id=\"2c6a7439\" data-element_type=\"widget\" data-widget_type=\"text-editor.default\">\n\t\t\t\t<div class=\"elementor-widget-container\">\n\t\t\t\t\t\t\t\t\t<p data-start=\"967\" data-end=\"1054\">PEMF-Systeme (Pulsed Electromagnetic Field) k\u00f6nnen <strong data-start=\"1018\" data-end=\"1035\">unterst\u00fctzend<\/strong> wirken, indem sie:<\/p><ul data-start=\"1056\" data-end=\"1184\"><li data-start=\"1056\" data-end=\"1084\"><p data-start=\"1058\" data-end=\"1084\">die Durchblutung f\u00f6rdern<\/p><\/li><li data-start=\"1085\" data-end=\"1137\"><p data-start=\"1087\" data-end=\"1137\">den Muskel- und Gelenkstoffwechsel sanft anregen<\/p><\/li><li data-start=\"1138\" data-end=\"1184\"><p data-start=\"1140\" data-end=\"1184\">die Gewebeelastizit\u00e4t positiv beeinflussen<\/p><\/li><\/ul><p data-start=\"1186\" data-end=\"1356\">\u26a0\ufe0f Wichtig: Sie ersetzen <strong data-start=\"1211\" data-end=\"1259\">keine tier\u00e4rztliche Diagnose oder Behandlung<\/strong>. Magnetfeldanwendungen sind eine <strong data-start=\"1293\" data-end=\"1316\">erg\u00e4nzende Ma\u00dfnahme<\/strong>, keine Therapie im medizinischen Sinne.<\/p>\t\t\t\t\t\t\t\t<\/div>\n\t\t\t\t<\/div>\n\t\t\t\t<div class=\"elementor-element elementor-element-389ed863 elementor-widget-mobile__width-initial elementor-widget elementor-widget-heading\" data-id=\"389ed863\" data-element_type=\"widget\" data-widget_type=\"heading.default\">\n\t\t\t\t<div class=\"elementor-widget-container\">\n\t\t\t\t\t<h2 class=\"elementor-heading-title elementor-size-default\">Worauf man bei PEMF-Systemen f\u00fcr \u00e4ltere Pferde achten sollte\n<\/h2>\t\t\t\t<\/div>\n\t\t\t\t<\/div>\n\t\t\t\t<div class=\"elementor-element elementor-element-218f8cc8 elementor-widget elementor-widget-text-editor\" data-id=\"218f8cc8\" data-element_type=\"widget\" data-widget_type=\"text-editor.default\">\n\t\t\t\t<div class=\"elementor-widget-container\">\n\t\t\t\t\t\t\t\t\t<p data-start=\"1427\" data-end=\"1515\">F\u00fcr den Einsatz bei sensiblen oder \u00e4lteren Pferden sind folgende Kriterien entscheidend:<\/p><ul data-start=\"1517\" data-end=\"1947\"><li data-start=\"1517\" data-end=\"1599\"><p data-start=\"1519\" data-end=\"1599\"><strong data-start=\"1519\" data-end=\"1551\">Gleichm\u00e4\u00dfige Feldverteilung:<\/strong> das Pferd sollte nicht \u201eStellen\u201c \u00fcberspringen<\/p><\/li><li data-start=\"1600\" data-end=\"1695\"><p data-start=\"1602\" data-end=\"1695\"><strong data-start=\"1602\" data-end=\"1632\">Reproduzierbare Programme:<\/strong> konstante Intensit\u00e4t und Dauer sichern vergleichbare Effekte<\/p><\/li><li data-start=\"1696\" data-end=\"1777\"><p data-start=\"1698\" data-end=\"1777\"><strong data-start=\"1698\" data-end=\"1726\">Einfache Positionierung:<\/strong> gerade bei gro\u00dfen oder unruhigen Pferden wichtig<\/p><\/li><li data-start=\"1778\" data-end=\"1871\"><p data-start=\"1780\" data-end=\"1871\"><strong data-start=\"1780\" data-end=\"1804\">Alltagstauglichkeit:<\/strong> mobile Ger\u00e4te, einfache Handhabung, schnelle Einsatzbereitschaft<\/p><\/li><li data-start=\"1872\" data-end=\"1947\"><p data-start=\"1874\" data-end=\"1947\"><strong data-start=\"1874\" data-end=\"1897\">Sicherheitsaspekte:<\/strong> gepr\u00fcfte Systeme, keine \u00dcberlastung des Gewebes<\/p><\/li><\/ul><p data-start=\"1949\" data-end=\"2055\">Erst nach Bewertung dieser Kriterien sollte ein Ger\u00e4t f\u00fcr regelm\u00e4\u00dfigen Einsatz in Betracht gezogen werden.<\/p>\t\t\t\t\t\t\t\t<\/div>\n\t\t\t\t<\/div>\n\t\t\t\t<div class=\"elementor-element elementor-element-e6446c3 elementor-widget-mobile__width-initial elementor-widget elementor-widget-heading\" data-id=\"e6446c3\" data-element_type=\"widget\" data-widget_type=\"heading.default\">\n\t\t\t\t<div class=\"elementor-widget-container\">\n\t\t\t\t\t<h2 class=\"elementor-heading-title elementor-size-default\">Wie Zellkraft in diesem Kontext eingesetzt wird<\/h2>\t\t\t\t<\/div>\n\t\t\t\t<\/div>\n\t\t\t\t<div class=\"elementor-element elementor-element-7a3e0fb elementor-widget elementor-widget-text-editor\" data-id=\"7a3e0fb\" data-element_type=\"widget\" data-widget_type=\"text-editor.default\">\n\t\t\t\t<div class=\"elementor-widget-container\">\n\t\t\t\t\t\t\t\t\t<p data-start=\"2113\" data-end=\"2253\">Das <strong data-start=\"2117\" data-end=\"2142\">Zellkraft PEMF-System<\/strong> bietet eine <strong data-start=\"2155\" data-end=\"2198\">strukturierte und sachliche M\u00f6glichkeit<\/strong>, \u00e4ltere Pferde bei wechselndem Wetter zu unterst\u00fctzen:<\/p><ul data-start=\"2255\" data-end=\"2475\"><li data-start=\"2320\" data-end=\"2406\"><p data-start=\"2322\" data-end=\"2406\"><strong data-start=\"2322\" data-end=\"2365\">Einfach zu positionierende Applikatoren<\/strong> f\u00fcr R\u00fccken, Gelenke oder Muskelgruppen<\/p><\/li><li data-start=\"2407\" data-end=\"2475\"><p data-start=\"2409\" data-end=\"2475\"><strong data-start=\"2409\" data-end=\"2443\">Konstante Intensit\u00e4t und Dauer<\/strong> f\u00fcr wiederholbare Anwendungen<\/p><\/li><\/ul><p data-start=\"2477\" data-end=\"2582\">Zellkraft <strong data-start=\"2487\" data-end=\"2515\">verspricht keine Heilung<\/strong>, sondern <strong data-start=\"2525\" data-end=\"2579\">unterst\u00fctzt gezielt Beweglichkeit und Wohlbefinden<\/strong>.<\/p>\t\t\t\t\t\t\t\t<\/div>\n\t\t\t\t<\/div>\n\t\t\t\t<div class=\"elementor-element elementor-element-5905dfb elementor-widget-mobile__width-initial elementor-widget elementor-widget-heading\" data-id=\"5905dfb\" data-element_type=\"widget\" data-widget_type=\"heading.default\">\n\t\t\t\t<div class=\"elementor-widget-container\">\n\t\t\t\t\t<h2 class=\"elementor-heading-title elementor-size-default\">Warum Zellkraft?<\/h2>\t\t\t\t<\/div>\n\t\t\t\t<\/div>\n\t\t\t\t<div class=\"elementor-element elementor-element-c6c40f2 elementor-widget elementor-widget-text-editor\" data-id=\"c6c40f2\" data-element_type=\"widget\" data-widget_type=\"text-editor.default\">\n\t\t\t\t<div class=\"elementor-widget-container\">\n\t\t\t\t\t\t\t\t\t<p data-start=\"746\" data-end=\"948\">Zellkraft wurde speziell f\u00fcr die unterst\u00fctzende Anwendung bei Pferden entwickelt. Es erm\u00f6glicht eine gleichm\u00e4\u00dfige Magnetfeldabdeckung und reproduzierbare Programme f\u00fcr Beweglichkeit und Gewebekomfort.<\/p><p data-start=\"955\" data-end=\"1155\">Das System ersetzt keine tier\u00e4rztliche Behandlung, sondern bietet sachliche Unterst\u00fctzung im Alltag. Viele professionelle Anwender nutzen Zellkraft zur Erg\u00e4nzung der regul\u00e4ren Pflege \u00e4lterer Pferde.<\/p>\t\t\t\t\t\t\t\t<\/div>\n\t\t\t\t<\/div>\n\t\t\t\t<div class=\"elementor-element elementor-element-17a16ec elementor-widget-mobile__width-initial elementor-widget elementor-widget-heading\" data-id=\"17a16ec\" data-element_type=\"widget\" data-widget_type=\"heading.default\">\n\t\t\t\t<div class=\"elementor-widget-container\">\n\t\t\t\t\t<h2 class=\"elementor-heading-title elementor-size-default\">Typische Einsatzpraxis bei \u00e4lteren Pferden\n<\/h2>\t\t\t\t<\/div>\n\t\t\t\t<\/div>\n\t\t\t\t<div class=\"elementor-element elementor-element-d60a515 elementor-widget elementor-widget-text-editor\" data-id=\"d60a515\" data-element_type=\"widget\" data-widget_type=\"text-editor.default\">\n\t\t\t\t<div class=\"elementor-widget-container\">\n\t\t\t\t\t\t\t\t\t<ul data-start=\"2635\" data-end=\"2867\"><li data-start=\"2635\" data-end=\"2681\"><p data-start=\"2637\" data-end=\"2681\"><strong data-start=\"2637\" data-end=\"2661\">Dauer pro Anwendung:<\/strong> ca. 15\u201330 Minuten<\/p><\/li><li data-start=\"2682\" data-end=\"2753\"><p data-start=\"2684\" data-end=\"2753\"><strong data-start=\"2684\" data-end=\"2699\">H\u00e4ufigkeit:<\/strong> 2\u20133 Mal pro Woche, abh\u00e4ngig von Pferd und Tagesform<\/p><\/li><li data-start=\"2754\" data-end=\"2867\"><p data-start=\"2756\" data-end=\"2867\"><strong data-start=\"2756\" data-end=\"2767\">Ablauf:<\/strong> ruhiges Pferd, Applikatoren an R\u00fccken und Gelenken platzieren, Programm starten, Pferd beobachten<\/p><\/li><\/ul><p data-start=\"2869\" data-end=\"3018\">Beispiel: Nach einem kalten Wetterumschwung wird das Pferd vor dem Training f\u00fcr 20 Minuten unterst\u00fctzt, um Beweglichkeit und Aufw\u00e4rmphase zu f\u00f6rdern.<\/p>\t\t\t\t\t\t\t\t<\/div>\n\t\t\t\t<\/div>\n\t\t\t\t<div class=\"elementor-element elementor-element-500b46b elementor-widget-mobile__width-initial elementor-widget elementor-widget-heading\" data-id=\"500b46b\" data-element_type=\"widget\" data-widget_type=\"heading.default\">\n\t\t\t\t<div class=\"elementor-widget-container\">\n\t\t\t\t\t<h2 class=\"elementor-heading-title elementor-size-default\">F\u00fcr wen das sinnvoll ist \u2013 und f\u00fcr wen nicht\n<\/h2>\t\t\t\t<\/div>\n\t\t\t\t<\/div>\n\t\t\t\t<div class=\"elementor-element elementor-element-7d39bc6 elementor-widget elementor-widget-text-editor\" data-id=\"7d39bc6\" data-element_type=\"widget\" data-widget_type=\"text-editor.default\">\n\t\t\t\t<div class=\"elementor-widget-container\">\n\t\t\t\t\t\t\t\t\t<p data-start=\"3073\" data-end=\"3088\"><strong data-start=\"3073\" data-end=\"3086\">Geeignet:<\/strong><\/p><ul data-start=\"3089\" data-end=\"3247\"><li data-start=\"3089\" data-end=\"3131\"><p data-start=\"3091\" data-end=\"3131\">Pferde mit altersbedingter Steifigkeit<\/p><\/li><li data-start=\"3132\" data-end=\"3175\"><p data-start=\"3134\" data-end=\"3175\">Pferde, die wetterempfindlich reagieren<\/p><\/li><li data-start=\"3176\" data-end=\"3247\"><p data-start=\"3178\" data-end=\"3247\">Besitzer, die erg\u00e4nzende, nicht-invasive Ma\u00dfnahmen einsetzen wollen<\/p><\/li><\/ul><p data-start=\"3249\" data-end=\"3270\"><strong data-start=\"3249\" data-end=\"3268\">Nicht geeignet:<\/strong><\/p><ul><li data-start=\"3273\" data-end=\"3333\">Akut erkrankte Pferde (immer zuerst tier\u00e4rztlich abkl\u00e4ren)<\/li><li data-start=\"3273\" data-end=\"3333\">Pferde mit elektronischen Implantaten oder Herzschrittmacher (Sicherheitspr\u00fcfung notwendig)<\/li><li style=\"list-style-type: none;\">\u00a0<\/li><\/ul>\t\t\t\t\t\t\t\t<\/div>\n\t\t\t\t<\/div>\n\t\t\t\t<div class=\"elementor-element elementor-element-d52db2e elementor-widget-mobile__width-initial elementor-widget elementor-widget-heading\" data-id=\"d52db2e\" data-element_type=\"widget\" data-widget_type=\"heading.default\">\n\t\t\t\t<div class=\"elementor-widget-container\">\n\t\t\t\t\t<h2 class=\"elementor-heading-title elementor-size-default\">N\u00e4chster sinnvoller Schritt<\/h2>\t\t\t\t<\/div>\n\t\t\t\t<\/div>\n\t\t\t\t<div class=\"elementor-element elementor-element-d03029e elementor-widget elementor-widget-text-editor\" data-id=\"d03029e\" data-element_type=\"widget\" data-widget_type=\"text-editor.default\">\n\t\t\t\t<div class=\"elementor-widget-container\">\n\t\t\t\t\t\t\t\t\t<ul><li data-start=\"3467\" data-end=\"3552\"><p data-start=\"3469\" data-end=\"3552\"><strong data-start=\"3469\" data-end=\"3510\">Individuelle Einsatzberatung anfragen<\/strong>: Jede Pferdegesundheit ist einzigartig.<\/p><\/li><li data-start=\"3553\" data-end=\"3646\"><p data-start=\"3555\" data-end=\"3646\">Ger\u00e4te-Test oder Demonstration vor Ort kann helfen, Handhabung und Wirkung einzusch\u00e4tzen.<\/p><\/li><\/ul>\t\t\t\t\t\t\t\t<\/div>\n\t\t\t\t<\/div>\n\t\t\t\t<div class=\"elementor-element elementor-element-7472b66 elementor-widget__width-initial elementor-align-left elementor-mobile-align-justify elementor-widget-mobile__width-inherit elementor-invisible elementor-widget elementor-widget-button\" data-id=\"7472b66\" data-element_type=\"widget\" data-settings=\"{&quot;_animation&quot;:&quot;fadeIn&quot;,&quot;_animation_delay&quot;:300}\" data-widget_type=\"button.default\">\n\t\t\t\t<div class=\"elementor-widget-container\">\n\t\t\t\t\t\t\t\t\t<div class=\"elementor-button-wrapper\">\n\t\t\t\t\t<a class=\"elementor-button elementor-button-link elementor-size-xs elementor-animation-shrink\" href=\"https:\/\/zellkraft.net\/index.php\/kontaktformular\/\">\n\t\t\t\t\t\t<span class=\"elementor-button-content-wrapper\">\n\t\t\t\t\t\t\t\t\t<span class=\"elementor-button-text\">Beratungstermin<\/span>\n\t\t\t\t\t<\/span>\n\t\t\t\t\t<\/a>\n\t\t\t\t<\/div>\n\t\t\t\t\t\t\t\t<\/div>\n\t\t\t\t<\/div>\n\t\t\t\t\t<\/div>\n\t\t<\/div>\n\t\t\t\t\t<\/div>\n\t\t<\/section>\n\t\t\t\t<section class=\"elementor-section elementor-top-section elementor-element elementor-element-7ab0eaf2 elementor-section-boxed elementor-section-height-default elementor-section-height-default\" data-id=\"7ab0eaf2\" data-element_type=\"section\">\n\t\t\t\t\t\t<div class=\"elementor-container elementor-column-gap-default\">\n\t\t\t\t\t<div class=\"elementor-column elementor-col-100 elementor-top-column elementor-element elementor-element-79bcb5eb\" data-id=\"79bcb5eb\" data-element_type=\"column\">\n\t\t\t<div class=\"elementor-widget-wrap elementor-element-populated\">\n\t\t\t\t\t\t<div class=\"elementor-element elementor-element-3ac72a41 elementor-widget elementor-widget-heading\" data-id=\"3ac72a41\" data-element_type=\"widget\" data-widget_type=\"heading.default\">\n\t\t\t\t<div class=\"elementor-widget-container\">\n\t\t\t\t\t<h2 class=\"elementor-heading-title elementor-size-default\">Weitere Blogeintr\u00e4ge<\/h2>\t\t\t\t<\/div>\n\t\t\t\t<\/div>\n\t\t<div class=\"elementor-element elementor-element-42b6271d e-flex e-con-boxed e-con e-parent\" data-id=\"42b6271d\" data-element_type=\"container\">\n\t\t\t\t\t<div class=\"e-con-inner\">\n\t\t\t\t<div class=\"elementor-element elementor-element-35e0715a elementor-widget__width-initial elementor-align-center elementor-mobile-align-justify elementor-widget-mobile__width-inherit elementor-invisible elementor-widget elementor-widget-button\" data-id=\"35e0715a\" data-element_type=\"widget\" data-settings=\"{&quot;_animation&quot;:&quot;fadeIn&quot;,&quot;_animation_delay&quot;:300}\" data-widget_type=\"button.default\">\n\t\t\t\t<div class=\"elementor-widget-container\">\n\t\t\t\t\t\t\t\t\t<div class=\"elementor-button-wrapper\">\n\t\t\t\t\t<a class=\"elementor-button elementor-button-link elementor-size-xs elementor-animation-shrink\" href=\"https:\/\/zellkraft.net\/index.php\/blog\/\">\n\t\t\t\t\t\t<span class=\"elementor-button-content-wrapper\">\n\t\t\t\t\t\t\t\t\t<span class=\"elementor-button-text\">Alle Blogartikel ansehen<\/span>\n\t\t\t\t\t<\/span>\n\t\t\t\t\t<\/a>\n\t\t\t\t<\/div>\n\t\t\t\t\t\t\t\t<\/div>\n\t\t\t\t<\/div>\n\t\t\t\t\t<\/div>\n\t\t\t\t<\/div>\n\t\t\t\t\t<\/div>\n\t\t<\/div>\n\t\t\t\t\t<\/div>\n\t\t<\/section>\n\t\t<div class=\"elementor-element elementor-element-22c30513 e-flex e-con-boxed e-con e-parent\" data-id=\"22c30513\" data-element_type=\"container\">\n\t\t\t\t\t<div class=\"e-con-inner\">\n\t\t<a class=\"elementor-element elementor-element-57c3ff90 e-con-full e-flex e-con e-child\" data-id=\"57c3ff90\" data-element_type=\"container\" href=\"https:\/\/zellkraft.net\/index.php\/magnetfeldtherapie-bei-nervoesen-unruhigen-pferden\/\">\n\t\t\t\t<div class=\"elementor-element elementor-element-62f1706a elementor-widget elementor-widget-image\" data-id=\"62f1706a\" data-element_type=\"widget\" data-widget_type=\"image.default\">\n\t\t\t\t<div class=\"elementor-widget-container\">\n\t\t\t\t\t\t\t\t\t\t\t\t\t\t\t<img fetchpriority=\"high\" decoding=\"async\" width=\"1024\" height=\"683\" src=\"https:\/\/zellkraft.net\/zk-content\/uploads\/2025\/11\/Nervoeses_pferd-1024x683.webp\" class=\"attachment-large size-large wp-image-14397\" alt=\"\" srcset=\"https:\/\/zellkraft.net\/zk-content\/uploads\/2025\/11\/Nervoeses_pferd-1024x683.webp 1024w, https:\/\/zellkraft.net\/zk-content\/uploads\/2025\/11\/Nervoeses_pferd-300x200.webp 300w, https:\/\/zellkraft.net\/zk-content\/uploads\/2025\/11\/Nervoeses_pferd-768x512.webp 768w, https:\/\/zellkraft.net\/zk-content\/uploads\/2025\/11\/Nervoeses_pferd-1536x1024.webp 1536w, https:\/\/zellkraft.net\/zk-content\/uploads\/2025\/11\/Nervoeses_pferd.webp 1920w\" sizes=\"(max-width: 1024px) 100vw, 1024px\" \/>\t\t\t\t\t\t\t\t\t\t\t\t\t\t\t<\/div>\n\t\t\t\t<\/div>\n\t\t\t\t<div class=\"elementor-element elementor-element-4a505411 elementor-widget__width-initial elementor-widget elementor-widget-heading\" data-id=\"4a505411\" data-element_type=\"widget\" data-widget_type=\"heading.default\">\n\t\t\t\t<div class=\"elementor-widget-container\">\n\t\t\t\t\t<h2 class=\"elementor-heading-title elementor-size-default\">\nMagnetfeldtherapie bei nerv\u00f6sen &amp; unruhigen Pferden<\/h2>\t\t\t\t<\/div>\n\t\t\t\t<\/div>\n\t\t\t\t<\/a>\n\t\t<a class=\"elementor-element elementor-element-545b2cfb e-con-full e-flex e-con e-child\" data-id=\"545b2cfb\" data-element_type=\"container\" href=\"https:\/\/zellkraft.net\/index.php\/technologie\/\">\n\t\t\t\t<div class=\"elementor-element elementor-element-3818bf1b elementor-widget elementor-widget-image\" data-id=\"3818bf1b\" data-element_type=\"widget\" data-widget_type=\"image.default\">\n\t\t\t\t<div class=\"elementor-widget-container\">\n\t\t\t\t\t\t\t\t\t\t\t\t\t\t\t<img decoding=\"async\" width=\"1024\" height=\"680\" src=\"https:\/\/zellkraft.net\/zk-content\/uploads\/2026\/01\/AdobeStock_53860022-9-1024x680.webp\" class=\"attachment-large size-large wp-image-15004\" alt=\"\" srcset=\"https:\/\/zellkraft.net\/zk-content\/uploads\/2026\/01\/AdobeStock_53860022-9-1024x680.webp 1024w, https:\/\/zellkraft.net\/zk-content\/uploads\/2026\/01\/AdobeStock_53860022-9-300x199.webp 300w, https:\/\/zellkraft.net\/zk-content\/uploads\/2026\/01\/AdobeStock_53860022-9-768x510.webp 768w, https:\/\/zellkraft.net\/zk-content\/uploads\/2026\/01\/AdobeStock_53860022-9-1536x1020.webp 1536w, https:\/\/zellkraft.net\/zk-content\/uploads\/2026\/01\/AdobeStock_53860022-9.webp 1920w\" sizes=\"(max-width: 1024px) 100vw, 1024px\" \/>\t\t\t\t\t\t\t\t\t\t\t\t\t\t\t<\/div>\n\t\t\t\t<\/div>\n\t\t\t\t<div class=\"elementor-element elementor-element-5be234ac elementor-widget__width-initial elementor-widget elementor-widget-heading\" data-id=\"5be234ac\" data-element_type=\"widget\" data-widget_type=\"heading.default\">\n\t\t\t\t<div class=\"elementor-widget-container\">\n\t\t\t\t\t<h2 class=\"elementor-heading-title elementor-size-default\">Linear-parabolische-Leistungssteigerung<\/h2>\t\t\t\t<\/div>\n\t\t\t\t<\/div>\n\t\t\t\t<\/a>\n\t\t<a class=\"elementor-element elementor-element-2fd5be68 e-con-full e-flex e-con e-child\" data-id=\"2fd5be68\" data-element_type=\"container\" href=\"https:\/\/zellkraft.net\/index.php\/wissenschaft\/\">\n\t\t\t\t<div class=\"elementor-element elementor-element-56356fbf elementor-widget elementor-widget-image\" data-id=\"56356fbf\" data-element_type=\"widget\" data-widget_type=\"image.default\">\n\t\t\t\t<div class=\"elementor-widget-container\">\n\t\t\t\t\t\t\t\t\t\t\t\t\t\t\t<img decoding=\"async\" width=\"1024\" height=\"683\" src=\"https:\/\/zellkraft.net\/zk-content\/uploads\/2026\/01\/AdobeStock_638660166-1-1024x683.webp\" class=\"attachment-large size-large wp-image-15005\" alt=\"\" srcset=\"https:\/\/zellkraft.net\/zk-content\/uploads\/2026\/01\/AdobeStock_638660166-1-1024x683.webp 1024w, https:\/\/zellkraft.net\/zk-content\/uploads\/2026\/01\/AdobeStock_638660166-1-300x200.webp 300w, https:\/\/zellkraft.net\/zk-content\/uploads\/2026\/01\/AdobeStock_638660166-1-768x512.webp 768w, https:\/\/zellkraft.net\/zk-content\/uploads\/2026\/01\/AdobeStock_638660166-1-1536x1024.webp 1536w, https:\/\/zellkraft.net\/zk-content\/uploads\/2026\/01\/AdobeStock_638660166-1.webp 1920w\" sizes=\"(max-width: 1024px) 100vw, 1024px\" \/>\t\t\t\t\t\t\t\t\t\t\t\t\t\t\t<\/div>\n\t\t\t\t<\/div>\n\t\t\t\t<div class=\"elementor-element elementor-element-76f785a3 elementor-widget__width-initial elementor-widget elementor-widget-heading\" data-id=\"76f785a3\" data-element_type=\"widget\" data-widget_type=\"heading.default\">\n\t\t\t\t<div class=\"elementor-widget-container\">\n\t\t\t\t\t<h2 class=\"elementor-heading-title elementor-size-default\">So wirkt Magnetfeldtherapie: einfach erkl\u00e4rt<\/h2>\t\t\t\t<\/div>\n\t\t\t\t<\/div>\n\t\t\t\t<\/a>\n\t\t\t\t\t<\/div>\n\t\t\t\t<\/div>\n\t\t\t\t<section class=\"elementor-section elementor-top-section elementor-element elementor-element-a55ce67 elementor-section-boxed elementor-section-height-default elementor-section-height-default\" data-id=\"a55ce67\" data-element_type=\"section\" data-settings=\"{&quot;background_background&quot;:&quot;classic&quot;}\">\n\t\t\t\t\t\t\t<div class=\"elementor-background-overlay\"><\/div>\n\t\t\t\t\t\t\t<div class=\"elementor-container elementor-column-gap-default\">\n\t\t\t\t\t<div class=\"elementor-column elementor-col-50 elementor-top-column elementor-element elementor-element-4734c685\" data-id=\"4734c685\" data-element_type=\"column\">\n\t\t\t<div class=\"elementor-widget-wrap\">\n\t\t\t\t\t\t\t<\/div>\n\t\t<\/div>\n\t\t\t\t<div class=\"elementor-column elementor-col-50 elementor-top-column elementor-element elementor-element-72ae6935\" data-id=\"72ae6935\" data-element_type=\"column\">\n\t\t\t<div class=\"elementor-widget-wrap elementor-element-populated\">\n\t\t\t\t\t\t<section class=\"elementor-section elementor-inner-section elementor-element elementor-element-45e92e99 elementor-section-full_width elementor-section-height-default elementor-section-height-default\" data-id=\"45e92e99\" data-element_type=\"section\">\n\t\t\t\t\t\t<div class=\"elementor-container elementor-column-gap-wider\">\n\t\t\t\t\t<div class=\"elementor-column elementor-col-100 elementor-inner-column elementor-element elementor-element-23aa405\" data-id=\"23aa405\" data-element_type=\"column\">\n\t\t\t<div class=\"elementor-widget-wrap elementor-element-populated\">\n\t\t\t\t\t\t<div class=\"elementor-element elementor-element-3d40f618 elementor-widget-tablet__width-initial elementor-invisible elementor-widget elementor-widget-heading\" data-id=\"3d40f618\" data-element_type=\"widget\" data-settings=\"{&quot;_animation&quot;:&quot;fadeIn&quot;,&quot;_animation_delay&quot;:100}\" data-widget_type=\"heading.default\">\n\t\t\t\t<div class=\"elementor-widget-container\">\n\t\t\t\t\t<h2 class=\"elementor-heading-title elementor-size-default\">Hast du noch Fragen?<\/h2>\t\t\t\t<\/div>\n\t\t\t\t<\/div>\n\t\t\t\t<div class=\"elementor-element elementor-element-1d452ba3 elementor-widget-tablet__width-initial elementor-invisible elementor-widget elementor-widget-heading\" data-id=\"1d452ba3\" data-element_type=\"widget\" data-settings=\"{&quot;_animation&quot;:&quot;fadeIn&quot;,&quot;_animation_delay&quot;:200}\" data-widget_type=\"heading.default\">\n\t\t\t\t<div class=\"elementor-widget-container\">\n\t\t\t\t\t<p class=\"elementor-heading-title elementor-size-default\">Solltest du noch Fragen oder Anregungen zu unseren Zellkraft\u00ae-Produkten haben oder Unterst\u00fctzung bei der Anwendung ben\u00f6tigen, kontaktiere uns gerne und vereinbare einen Beratungstermin mit einem unserer Zellkraft\u00ae-Experten.<\/p>\t\t\t\t<\/div>\n\t\t\t\t<\/div>\n\t\t\t\t<div class=\"elementor-element elementor-element-262b6c5 elementor-widget__width-initial elementor-align-center elementor-mobile-align-justify elementor-widget-mobile__width-inherit elementor-invisible elementor-widget elementor-widget-button\" data-id=\"262b6c5\" data-element_type=\"widget\" data-settings=\"{&quot;_animation&quot;:&quot;fadeIn&quot;,&quot;_animation_delay&quot;:300}\" data-widget_type=\"button.default\">\n\t\t\t\t<div class=\"elementor-widget-container\">\n\t\t\t\t\t\t\t\t\t<div class=\"elementor-button-wrapper\">\n\t\t\t\t\t<a class=\"elementor-button elementor-button-link elementor-size-xs elementor-animation-grow\" href=\"https:\/\/zellkraft.net\/index.php\/kontaktformular\/\">\n\t\t\t\t\t\t<span class=\"elementor-button-content-wrapper\">\n\t\t\t\t\t\t\t\t\t<span class=\"elementor-button-text\">Beratungstermin<\/span>\n\t\t\t\t\t<\/span>\n\t\t\t\t\t<\/a>\n\t\t\t\t<\/div>\n\t\t\t\t\t\t\t\t<\/div>\n\t\t\t\t<\/div>\n\t\t\t\t<div class=\"elementor-element elementor-element-53917133 elementor-widget__width-initial elementor-align-center elementor-mobile-align-justify elementor-widget-mobile__width-inherit elementor-invisible elementor-widget elementor-widget-button\" data-id=\"53917133\" data-element_type=\"widget\" data-settings=\"{&quot;_animation&quot;:&quot;fadeIn&quot;,&quot;_animation_delay&quot;:300}\" data-widget_type=\"button.default\">\n\t\t\t\t<div class=\"elementor-widget-container\">\n\t\t\t\t\t\t\t\t\t<div class=\"elementor-button-wrapper\">\n\t\t\t\t\t<a class=\"elementor-button elementor-button-link elementor-size-xs elementor-animation-grow\" href=\"https:\/\/zellkraft.net\/index.php\/kontaktformular\/\">\n\t\t\t\t\t\t<span class=\"elementor-button-content-wrapper\">\n\t\t\t\t\t\t\t\t\t<span class=\"elementor-button-text\">Kontaktieren<\/span>\n\t\t\t\t\t<\/span>\n\t\t\t\t\t<\/a>\n\t\t\t\t<\/div>\n\t\t\t\t\t\t\t\t<\/div>\n\t\t\t\t<\/div>\n\t\t\t\t\t<\/div>\n\t\t<\/div>\n\t\t\t\t\t<\/div>\n\t\t<\/section>\n\t\t\t\t\t<\/div>\n\t\t<\/div>\n\t\t\t\t\t<\/div>\n\t\t<\/section>\n\t\t\t\t<\/div>\n\t\t","protected":false},"excerpt":{"rendered":"<p>Fakten &#038; \u00dcbersicht \u00c4ltere Pferde &amp; wechselndes Wetter \u2013 Magnetfeldunterst\u00fctzung: Programme, Anwendung &amp; Alltagstauglichkeit Warum \u00e4ltere Pferde bei Wetterumschw\u00fcngen sensibel reagieren Mit zunehmendem Alter reagieren Pferde oft sensibler auf Temperatur- und Luftdruckver\u00e4nderungen. Gelenke, Muskulatur und Bindegewebe k\u00f6nnen verspannter oder weniger elastisch sein. Das f\u00fchrt manchmal zu: Steifigkeit nach Ruhephasen oder Wetterumschw\u00fcngen Eingeschr\u00e4nkter Bewegungsfreude L\u00e4ngeren Aufw\u00e4rmphasen [&hellip;]<\/p>\n","protected":false},"author":1,"featured_media":0,"parent":0,"menu_order":0,"comment_status":"closed","ping_status":"closed","template":"","meta":{"ocean_post_layout":"full-screen","ocean_both_sidebars_style":"","ocean_both_sidebars_content_width":0,"ocean_both_sidebars_sidebars_width":0,"ocean_sidebar":"","ocean_second_sidebar":"","ocean_disable_margins":"on","ocean_add_body_class":"","ocean_shortcode_before_top_bar":"","ocean_shortcode_after_top_bar":"","ocean_shortcode_before_header":"","ocean_shortcode_after_header":"","ocean_has_shortcode":"","ocean_shortcode_after_title":"","ocean_shortcode_before_footer_widgets":"","ocean_shortcode_after_footer_widgets":"","ocean_shortcode_before_footer_bottom":"","ocean_shortcode_after_footer_bottom":"","ocean_display_top_bar":"off","ocean_display_header":"off","ocean_header_style":"","ocean_center_header_left_menu":"","ocean_custom_header_template":"","ocean_custom_logo":0,"ocean_custom_retina_logo":0,"ocean_custom_logo_max_width":0,"ocean_custom_logo_tablet_max_width":0,"ocean_custom_logo_mobile_max_width":0,"ocean_custom_logo_max_height":0,"ocean_custom_logo_tablet_max_height":0,"ocean_custom_logo_mobile_max_height":0,"ocean_header_custom_menu":"","ocean_menu_typo_font_family":"","ocean_menu_typo_font_subset":"","ocean_menu_typo_font_size":0,"ocean_menu_typo_font_size_tablet":0,"ocean_menu_typo_font_size_mobile":0,"ocean_menu_typo_font_size_unit":"px","ocean_menu_typo_font_weight":"","ocean_menu_typo_font_weight_tablet":"","ocean_menu_typo_font_weight_mobile":"","ocean_menu_typo_transform":"","ocean_menu_typo_transform_tablet":"","ocean_menu_typo_transform_mobile":"","ocean_menu_typo_line_height":0,"ocean_menu_typo_line_height_tablet":0,"ocean_menu_typo_line_height_mobile":0,"ocean_menu_typo_line_height_unit":"","ocean_menu_typo_spacing":0,"ocean_menu_typo_spacing_tablet":0,"ocean_menu_typo_spacing_mobile":0,"ocean_menu_typo_spacing_unit":"","ocean_menu_link_color":"","ocean_menu_link_color_hover":"","ocean_menu_link_color_active":"","ocean_menu_link_background":"","ocean_menu_link_hover_background":"","ocean_menu_link_active_background":"","ocean_menu_social_links_bg":"","ocean_menu_social_hover_links_bg":"","ocean_menu_social_links_color":"","ocean_menu_social_hover_links_color":"","ocean_disable_title":"on","ocean_disable_heading":"default","ocean_post_title":"","ocean_post_subheading":"","ocean_post_title_style":"","ocean_post_title_background_color":"","ocean_post_title_background":0,"ocean_post_title_bg_image_position":"","ocean_post_title_bg_image_attachment":"","ocean_post_title_bg_image_repeat":"","ocean_post_title_bg_image_size":"","ocean_post_title_height":0,"ocean_post_title_bg_overlay":0.5,"ocean_post_title_bg_overlay_color":"","ocean_disable_breadcrumbs":"default","ocean_breadcrumbs_color":"","ocean_breadcrumbs_separator_color":"","ocean_breadcrumbs_links_color":"","ocean_breadcrumbs_links_hover_color":"","ocean_display_footer_widgets":"off","ocean_display_footer_bottom":"off","ocean_custom_footer_template":"","footnotes":""},"class_list":["post-16423","page","type-page","status-publish","hentry","entry"],"yoast_head":"<!-- This site is optimized with the Yoast SEO plugin v24.2 - https:\/\/yoast.com\/wordpress\/plugins\/seo\/ -->\n<title>Magnetfeldunterst\u00fctzung f\u00fcr \u00e4ltere Pferde bei Wetterumschwung<\/title>\n<meta name=\"description\" content=\"Erfahren Sie, wie Magnetfeldunterst\u00fctzung \u00e4ltere Pferde bei Wetterumschw\u00fcngen beweglicher halten kann \u2013 sachlich &amp; praxisnah.\" \/>\n<meta name=\"robots\" content=\"index, follow, max-snippet:-1, max-image-preview:large, max-video-preview:-1\" \/>\n<link rel=\"canonical\" href=\"https:\/\/zellkraft.net\/index.php\/pemf-pferd-winter\/\" \/>\n<meta property=\"og:locale\" content=\"de_DE\" \/>\n<meta property=\"og:type\" content=\"article\" \/>\n<meta property=\"og:title\" content=\"Magnetfeldunterst\u00fctzung f\u00fcr \u00e4ltere Pferde bei Wetterumschwung\" \/>\n<meta property=\"og:description\" content=\"Erfahren Sie, wie Magnetfeldunterst\u00fctzung \u00e4ltere Pferde bei Wetterumschw\u00fcngen beweglicher halten kann \u2013 sachlich &amp; praxisnah.\" \/>\n<meta property=\"og:url\" content=\"https:\/\/zellkraft.net\/index.php\/pemf-pferd-winter\/\" \/>\n<meta property=\"og:site_name\" content=\"Zellkraft\" \/>\n<meta property=\"article:modified_time\" content=\"2026-01-22T12:46:52+00:00\" \/>\n<meta property=\"og:image\" content=\"https:\/\/zellkraft.net\/zk-content\/uploads\/2025\/11\/Nervoeses_pferd.webp\" \/>\n\t<meta property=\"og:image:width\" content=\"1920\" \/>\n\t<meta property=\"og:image:height\" content=\"1280\" \/>\n\t<meta property=\"og:image:type\" content=\"image\/webp\" \/>\n<meta name=\"twitter:card\" content=\"summary_large_image\" \/>\n<meta name=\"twitter:label1\" content=\"Gesch\u00e4tzte Lesezeit\" \/>\n\t<meta name=\"twitter:data1\" content=\"4 Minuten\" \/>\n<script type=\"application\/ld+json\" class=\"yoast-schema-graph\">{\"@context\":\"https:\/\/schema.org\",\"@graph\":[{\"@type\":\"WebPage\",\"@id\":\"https:\/\/zellkraft.net\/index.php\/pemf-pferd-winter\/\",\"url\":\"https:\/\/zellkraft.net\/index.php\/pemf-pferd-winter\/\",\"name\":\"Magnetfeldunterst\u00fctzung f\u00fcr \u00e4ltere Pferde bei Wetterumschwung\",\"isPartOf\":{\"@id\":\"https:\/\/zellkraft.net\/#website\"},\"primaryImageOfPage\":{\"@id\":\"https:\/\/zellkraft.net\/index.php\/pemf-pferd-winter\/#primaryimage\"},\"image\":{\"@id\":\"https:\/\/zellkraft.net\/index.php\/pemf-pferd-winter\/#primaryimage\"},\"thumbnailUrl\":\"https:\/\/zellkraft.net\/zk-content\/uploads\/2025\/11\/Nervoeses_pferd-1024x683.webp\",\"datePublished\":\"2026-01-22T10:43:11+00:00\",\"dateModified\":\"2026-01-22T12:46:52+00:00\",\"description\":\"Erfahren Sie, wie Magnetfeldunterst\u00fctzung \u00e4ltere Pferde bei Wetterumschw\u00fcngen beweglicher halten kann \u2013 sachlich & praxisnah.\",\"breadcrumb\":{\"@id\":\"https:\/\/zellkraft.net\/index.php\/pemf-pferd-winter\/#breadcrumb\"},\"inLanguage\":\"de\",\"potentialAction\":[{\"@type\":\"ReadAction\",\"target\":[\"https:\/\/zellkraft.net\/index.php\/pemf-pferd-winter\/\"]}]},{\"@type\":\"ImageObject\",\"inLanguage\":\"de\",\"@id\":\"https:\/\/zellkraft.net\/index.php\/pemf-pferd-winter\/#primaryimage\",\"url\":\"https:\/\/zellkraft.net\/zk-content\/uploads\/2025\/11\/Nervoeses_pferd.webp\",\"contentUrl\":\"https:\/\/zellkraft.net\/zk-content\/uploads\/2025\/11\/Nervoeses_pferd.webp\",\"width\":1920,\"height\":1280},{\"@type\":\"BreadcrumbList\",\"@id\":\"https:\/\/zellkraft.net\/index.php\/pemf-pferd-winter\/#breadcrumb\",\"itemListElement\":[{\"@type\":\"ListItem\",\"position\":1,\"name\":\"Startseite\",\"item\":\"https:\/\/zellkraft.net\/\"},{\"@type\":\"ListItem\",\"position\":2,\"name\":\"\u00c4ltere Pferde &amp; wechselndes Wetter \u2013 Magnetfeldunterst\u00fctzung: Programme, Anwendung &amp; Alltagstauglichkeit\"}]},{\"@type\":\"WebSite\",\"@id\":\"https:\/\/zellkraft.net\/#website\",\"url\":\"https:\/\/zellkraft.net\/\",\"name\":\"Zellkraft\",\"description\":\"|\u00a0Gesundheit f\u00fcr Pferde, die jeder leisten kann\",\"potentialAction\":[{\"@type\":\"SearchAction\",\"target\":{\"@type\":\"EntryPoint\",\"urlTemplate\":\"https:\/\/zellkraft.net\/?s={search_term_string}\"},\"query-input\":{\"@type\":\"PropertyValueSpecification\",\"valueRequired\":true,\"valueName\":\"search_term_string\"}}],\"inLanguage\":\"de\"}]}<\/script>\n<!-- \/ Yoast SEO plugin. -->","yoast_head_json":{"title":"Magnetfeldunterst\u00fctzung f\u00fcr \u00e4ltere Pferde bei Wetterumschwung","description":"Erfahren Sie, wie Magnetfeldunterst\u00fctzung \u00e4ltere Pferde bei Wetterumschw\u00fcngen beweglicher halten kann \u2013 sachlich & praxisnah.","robots":{"index":"index","follow":"follow","max-snippet":"max-snippet:-1","max-image-preview":"max-image-preview:large","max-video-preview":"max-video-preview:-1"},"canonical":"https:\/\/zellkraft.net\/index.php\/pemf-pferd-winter\/","og_locale":"de_DE","og_type":"article","og_title":"Magnetfeldunterst\u00fctzung f\u00fcr \u00e4ltere Pferde bei Wetterumschwung","og_description":"Erfahren Sie, wie Magnetfeldunterst\u00fctzung \u00e4ltere Pferde bei Wetterumschw\u00fcngen beweglicher halten kann \u2013 sachlich & praxisnah.","og_url":"https:\/\/zellkraft.net\/index.php\/pemf-pferd-winter\/","og_site_name":"Zellkraft","article_modified_time":"2026-01-22T12:46:52+00:00","og_image":[{"width":1920,"height":1280,"url":"https:\/\/zellkraft.net\/zk-content\/uploads\/2025\/11\/Nervoeses_pferd.webp","type":"image\/webp"}],"twitter_card":"summary_large_image","twitter_misc":{"Gesch\u00e4tzte Lesezeit":"4 Minuten"},"schema":{"@context":"https:\/\/schema.org","@graph":[{"@type":"WebPage","@id":"https:\/\/zellkraft.net\/index.php\/pemf-pferd-winter\/","url":"https:\/\/zellkraft.net\/index.php\/pemf-pferd-winter\/","name":"Magnetfeldunterst\u00fctzung f\u00fcr \u00e4ltere Pferde bei Wetterumschwung","isPartOf":{"@id":"https:\/\/zellkraft.net\/#website"},"primaryImageOfPage":{"@id":"https:\/\/zellkraft.net\/index.php\/pemf-pferd-winter\/#primaryimage"},"image":{"@id":"https:\/\/zellkraft.net\/index.php\/pemf-pferd-winter\/#primaryimage"},"thumbnailUrl":"https:\/\/zellkraft.net\/zk-content\/uploads\/2025\/11\/Nervoeses_pferd-1024x683.webp","datePublished":"2026-01-22T10:43:11+00:00","dateModified":"2026-01-22T12:46:52+00:00","description":"Erfahren Sie, wie Magnetfeldunterst\u00fctzung \u00e4ltere Pferde bei Wetterumschw\u00fcngen beweglicher halten kann \u2013 sachlich & praxisnah.","breadcrumb":{"@id":"https:\/\/zellkraft.net\/index.php\/pemf-pferd-winter\/#breadcrumb"},"inLanguage":"de","potentialAction":[{"@type":"ReadAction","target":["https:\/\/zellkraft.net\/index.php\/pemf-pferd-winter\/"]}]},{"@type":"ImageObject","inLanguage":"de","@id":"https:\/\/zellkraft.net\/index.php\/pemf-pferd-winter\/#primaryimage","url":"https:\/\/zellkraft.net\/zk-content\/uploads\/2025\/11\/Nervoeses_pferd.webp","contentUrl":"https:\/\/zellkraft.net\/zk-content\/uploads\/2025\/11\/Nervoeses_pferd.webp","width":1920,"height":1280},{"@type":"BreadcrumbList","@id":"https:\/\/zellkraft.net\/index.php\/pemf-pferd-winter\/#breadcrumb","itemListElement":[{"@type":"ListItem","position":1,"name":"Startseite","item":"https:\/\/zellkraft.net\/"},{"@type":"ListItem","position":2,"name":"\u00c4ltere Pferde &amp; wechselndes Wetter \u2013 Magnetfeldunterst\u00fctzung: Programme, Anwendung &amp; Alltagstauglichkeit"}]},{"@type":"WebSite","@id":"https:\/\/zellkraft.net\/#website","url":"https:\/\/zellkraft.net\/","name":"Zellkraft","description":"|\u00a0Gesundheit f\u00fcr Pferde, die jeder leisten kann","potentialAction":[{"@type":"SearchAction","target":{"@type":"EntryPoint","urlTemplate":"https:\/\/zellkraft.net\/?s={search_term_string}"},"query-input":{"@type":"PropertyValueSpecification","valueRequired":true,"valueName":"search_term_string"}}],"inLanguage":"de"}]}},"_links":{"self":[{"href":"https:\/\/zellkraft.net\/index.php\/wp-json\/wp\/v2\/pages\/16423","targetHints":{"allow":["GET"]}}],"collection":[{"href":"https:\/\/zellkraft.net\/index.php\/wp-json\/wp\/v2\/pages"}],"about":[{"href":"https:\/\/zellkraft.net\/index.php\/wp-json\/wp\/v2\/types\/page"}],"author":[{"embeddable":true,"href":"https:\/\/zellkraft.net\/index.php\/wp-json\/wp\/v2\/users\/1"}],"replies":[{"embeddable":true,"href":"https:\/\/zellkraft.net\/index.php\/wp-json\/wp\/v2\/comments?post=16423"}],"version-history":[{"count":7,"href":"https:\/\/zellkraft.net\/index.php\/wp-json\/wp\/v2\/pages\/16423\/revisions"}],"predecessor-version":[{"id":16459,"href":"https:\/\/zellkraft.net\/index.php\/wp-json\/wp\/v2\/pages\/16423\/revisions\/16459"}],"wp:attachment":[{"href":"https:\/\/zellkraft.net\/index.php\/wp-json\/wp\/v2\/media?parent=16423"}],"curies":[{"name":"wp","href":"https:\/\/api.w.org\/{rel}","templated":true}]}}