{"id":17313,"date":"2026-03-24T13:16:06","date_gmt":"2026-03-24T13:16:06","guid":{"rendered":"https:\/\/zellkraft.net\/?page_id=17313"},"modified":"2026-03-25T08:02:41","modified_gmt":"2026-03-25T08:02:41","slug":"aus-dem-stallalltag-augenentzuendung-beim-pferd","status":"publish","type":"page","link":"https:\/\/zellkraft.net\/index.php\/aus-dem-stallalltag-augenentzuendung-beim-pferd\/","title":{"rendered":"Aus dem Stallalltag: Augenentz\u00fcndung beim Pferd"},"content":{"rendered":"\t\t<div data-elementor-type=\"wp-page\" data-elementor-id=\"17313\" class=\"elementor elementor-17313\">\n\t\t\t\t<div class=\"elementor-element elementor-element-49cd384 e-flex e-con-boxed e-con e-parent\" data-id=\"49cd384\" data-element_type=\"container\" data-settings=\"{&quot;background_background&quot;:&quot;classic&quot;}\">\n\t\t\t\t\t<div class=\"e-con-inner\">\n\t\t\t\t<div class=\"elementor-element elementor-element-6e56429a elementor-align-center elementor-widget__width-initial elementor-icon-list--layout-traditional elementor-list-item-link-full_width elementor-widget elementor-widget-icon-list\" data-id=\"6e56429a\" data-element_type=\"widget\" data-widget_type=\"icon-list.default\">\n\t\t\t\t<div class=\"elementor-widget-container\">\n\t\t\t\t\t\t\t<ul class=\"elementor-icon-list-items\">\n\t\t\t\t\t\t\t<li class=\"elementor-icon-list-item\">\n\t\t\t\t\t\t\t\t\t\t<span class=\"elementor-icon-list-text\">ZELLKRAFT BLOG<\/span>\n\t\t\t\t\t\t\t\t\t<\/li>\n\t\t\t\t\t\t<\/ul>\n\t\t\t\t\t\t<\/div>\n\t\t\t\t<\/div>\n\t\t\t\t<div class=\"elementor-element elementor-element-27b3423e elementor-widget__width-initial elementor-widget-mobile__width-initial elementor-widget elementor-widget-heading\" data-id=\"27b3423e\" data-element_type=\"widget\" data-widget_type=\"heading.default\">\n\t\t\t\t<div class=\"elementor-widget-container\">\n\t\t\t\t\t<h1 class=\"elementor-heading-title elementor-size-default\">Aus dem Stallalltag: Augenentz\u00fcndung beim Pferd<\/h1>\t\t\t\t<\/div>\n\t\t\t\t<\/div>\n\t\t\t\t<div class=\"elementor-element elementor-element-2a2696a5 elementor-widget__width-initial elementor-widget elementor-widget-text-editor\" data-id=\"2a2696a5\" data-element_type=\"widget\" data-widget_type=\"text-editor.default\">\n\t\t\t\t<div class=\"elementor-widget-container\">\n\t\t\t\t\t\t\t\t\t<p>24. M\u00e4rz 2026<\/p>\t\t\t\t\t\t\t\t<\/div>\n\t\t\t\t<\/div>\n\t\t\t\t<div class=\"elementor-element elementor-element-1b537979 elementor-widget-mobile__width-initial elementor-widget elementor-widget-image\" data-id=\"1b537979\" data-element_type=\"widget\" data-widget_type=\"image.default\">\n\t\t\t\t<div class=\"elementor-widget-container\">\n\t\t\t\t\t\t\t\t\t\t\t\t\t\t\t\t<a href=\"https:\/\/zellkraft.net\/zk-content\/uploads\/2026\/03\/AdobeStock_806081045-19.webp\" data-elementor-open-lightbox=\"no\">\n\t\t\t\t\t\t\t<img fetchpriority=\"high\" decoding=\"async\" width=\"1920\" height=\"1275\" src=\"https:\/\/zellkraft.net\/zk-content\/uploads\/2026\/03\/AdobeStock_806081045-19.webp\" class=\"attachment-full size-full wp-image-17318\" alt=\"\" srcset=\"https:\/\/zellkraft.net\/zk-content\/uploads\/2026\/03\/AdobeStock_806081045-19.webp 1920w, https:\/\/zellkraft.net\/zk-content\/uploads\/2026\/03\/AdobeStock_806081045-19-300x199.webp 300w, https:\/\/zellkraft.net\/zk-content\/uploads\/2026\/03\/AdobeStock_806081045-19-1024x680.webp 1024w, https:\/\/zellkraft.net\/zk-content\/uploads\/2026\/03\/AdobeStock_806081045-19-768x510.webp 768w, https:\/\/zellkraft.net\/zk-content\/uploads\/2026\/03\/AdobeStock_806081045-19-1536x1020.webp 1536w\" sizes=\"(max-width: 1920px) 100vw, 1920px\" \/>\t\t\t\t\t\t\t\t<\/a>\n\t\t\t\t\t\t\t\t\t\t\t\t\t\t\t<\/div>\n\t\t\t\t<\/div>\n\t\t\t\t\t<\/div>\n\t\t\t\t<\/div>\n\t\t\t\t<section class=\"elementor-section elementor-top-section elementor-element elementor-element-2a13fc50 elementor-section-boxed elementor-section-height-default elementor-section-height-default\" data-id=\"2a13fc50\" data-element_type=\"section\" data-settings=\"{&quot;background_background&quot;:&quot;classic&quot;}\">\n\t\t\t\t\t\t<div class=\"elementor-container elementor-column-gap-default\">\n\t\t\t\t\t<div class=\"elementor-column elementor-col-100 elementor-top-column elementor-element elementor-element-2e3315d2\" data-id=\"2e3315d2\" data-element_type=\"column\" data-settings=\"{&quot;background_background&quot;:&quot;classic&quot;}\">\n\t\t\t<div class=\"elementor-widget-wrap elementor-element-populated\">\n\t\t\t\t\t\t<div class=\"elementor-element elementor-element-1954ba63 elementor-widget-mobile__width-initial elementor-widget elementor-widget-heading\" data-id=\"1954ba63\" data-element_type=\"widget\" data-widget_type=\"heading.default\">\n\t\t\t\t<div class=\"elementor-widget-container\">\n\t\t\t\t\t<h2 class=\"elementor-heading-title elementor-size-default\">Ausgangssituation<\/h2>\t\t\t\t<\/div>\n\t\t\t\t<\/div>\n\t\t\t\t<div class=\"elementor-element elementor-element-f9ca7cf elementor-widget__width-initial elementor-widget elementor-widget-text-editor\" data-id=\"f9ca7cf\" data-element_type=\"widget\" data-widget_type=\"text-editor.default\">\n\t\t\t\t<div class=\"elementor-widget-container\">\n\t\t\t\t\t\t\t\t\t<div><p>Manchmal beginnt alles ganz harmlos \u2013 und wird schneller ernst, als man denkt.<\/p><\/div><div><p>Ein tr\u00e4nendes Auge.<br \/>Unsere erste Vermutung: Staub, Fliegen oder trockene Luft. Doch s\u00e4mtliche Cremes und Versuche, wieder Ruhe ins Auge zu bringen, scheiterten. Aus der scheinbar kleinen Reizung entwickelte sich eine sichtbar schmerzhafte Entz\u00fcndung.<\/p><\/div>\t\t\t\t\t\t\t\t<\/div>\n\t\t\t\t<\/div>\n\t\t\t\t<div class=\"elementor-element elementor-element-5082251a elementor-widget-mobile__width-initial elementor-widget elementor-widget-heading\" data-id=\"5082251a\" data-element_type=\"widget\" data-widget_type=\"heading.default\">\n\t\t\t\t<div class=\"elementor-widget-container\">\n\t\t\t\t\t<h2 class=\"elementor-heading-title elementor-size-default\">Verlauf und Diagnose<\/h2>\t\t\t\t<\/div>\n\t\t\t\t<\/div>\n\t\t\t\t<div class=\"elementor-element elementor-element-64a9700f elementor-widget elementor-widget-text-editor\" data-id=\"64a9700f\" data-element_type=\"widget\" data-widget_type=\"text-editor.default\">\n\t\t\t\t<div class=\"elementor-widget-container\">\n\t\t\t\t\t\t\t\t\t<div><p>Was mit einem Auge begann, betraf bald beide:<br \/>Die Bindehaut war stark ger\u00f6tet und geschwollen, das Auge lichtempfindlich \u2013 unser Pferd deutlich beeintr\u00e4chtigt.<\/p><\/div><div><p>Trotz antibiotischer Salbe, Schmerzmitteln und sp\u00e4ter sogar Cortison (dreimal t\u00e4glich) zeigte sich keine nachhaltige Besserung. Kaum wurde das Cortison abgesetzt, kehrten die Symptome zur\u00fcck.<\/p><\/div><div><p>Die Diagnose schlie\u00dflich: <strong>beidseitige Hornhautentz\u00fcndung<\/strong> \u2013 eine ernstzunehmende Erkrankung, die unbehandelt das Sehverm\u00f6gen gef\u00e4hrden kann.<\/p><\/div>\t\t\t\t\t\t\t\t<\/div>\n\t\t\t\t<\/div>\n\t\t\t\t<div class=\"elementor-element elementor-element-12375e35 elementor-widget-mobile__width-initial elementor-widget elementor-widget-heading\" data-id=\"12375e35\" data-element_type=\"widget\" data-widget_type=\"heading.default\">\n\t\t\t\t<div class=\"elementor-widget-container\">\n\t\t\t\t\t<h2 class=\"elementor-heading-title elementor-size-default\">Therapieverlauf und Einordnung<\/h2>\t\t\t\t<\/div>\n\t\t\t\t<\/div>\n\t\t\t\t<div class=\"elementor-element elementor-element-33ac19c5 elementor-widget elementor-widget-text-editor\" data-id=\"33ac19c5\" data-element_type=\"widget\" data-widget_type=\"text-editor.default\">\n\t\t\t\t<div class=\"elementor-widget-container\">\n\t\t\t\t\t\t\t\t\t<div><p>Am Ende \u2013 nach sechs Monaten und unz\u00e4hligen Behandlungsversuchen \u2013 blieb nur noch der Weg in die Klinik und eine Operation an beiden Augen.<\/p><\/div><div><p>Drei Wochen sp\u00e4ter durften wir unser Pferd endlich wieder nach Hause holen.<br \/>Erleichtert \u2013 aber auch nachdenklich.<\/p><\/div><div><p>Denn Tier\u00e4rzte beobachten zunehmend: Augenerkrankungen beim Pferd nehmen zu.<br \/>M\u00f6gliche Gr\u00fcnde sind klimatische Ver\u00e4nderungen \u2013 trockene Sommer, mehr (teils neue) Insektenarten sowie feuchte Winter, die Pilzerkrankungen beg\u00fcnstigen. All das bedeutet mehr Reize f\u00fcr empfindliche Pferdeaugen.<\/p><\/div>\t\t\t\t\t\t\t\t<\/div>\n\t\t\t\t<\/div>\n\t\t\t\t<div class=\"elementor-element elementor-element-1100f0cb elementor-widget-mobile__width-initial elementor-widget elementor-widget-heading\" data-id=\"1100f0cb\" data-element_type=\"widget\" data-widget_type=\"heading.default\">\n\t\t\t\t<div class=\"elementor-widget-container\">\n\t\t\t\t\t<h2 class=\"elementor-heading-title elementor-size-default\">Unser wichtigster Tipp \u2013 direkt vom Tierarzt:<\/h2>\t\t\t\t<\/div>\n\t\t\t\t<\/div>\n\t\t\t\t<div class=\"elementor-element elementor-element-6a5c6b30 elementor-widget elementor-widget-text-editor\" data-id=\"6a5c6b30\" data-element_type=\"widget\" data-widget_type=\"text-editor.default\">\n\t\t\t\t<div class=\"elementor-widget-container\">\n\t\t\t\t\t\t\t\t\t<div><p>Vorbeugen statt behandeln.<\/p><\/div><div><p>Eine t\u00e4gliche Augenpflege kann helfen, die Hornhaut zu sch\u00fctzen und Entz\u00fcndungen vorzubeugen.<br \/>Zum Beispiel mit Vitamin-A-Salben aus der Apotheke oder tier\u00e4rztlich empfohlenen Pr\u00e4paraten (z. B. Vitamycin \u2013 besonders in den Monaten Mai bis Oktober).<\/p><\/div><div><p>Denn manchmal sind es die kleinen Routinen, die den gro\u00dfen Unterschied machen.<\/p><\/div>\t\t\t\t\t\t\t\t<\/div>\n\t\t\t\t<\/div>\n\t\t\t\t\t<\/div>\n\t\t<\/div>\n\t\t\t\t\t<\/div>\n\t\t<\/section>\n\t\t\t\t<section class=\"elementor-section elementor-top-section elementor-element elementor-element-4e6712c7 elementor-section-boxed elementor-section-height-default elementor-section-height-default\" data-id=\"4e6712c7\" data-element_type=\"section\" data-settings=\"{&quot;background_background&quot;:&quot;classic&quot;}\">\n\t\t\t\t\t\t<div class=\"elementor-container elementor-column-gap-default\">\n\t\t\t\t\t<div class=\"elementor-column elementor-col-100 elementor-top-column elementor-element elementor-element-1fd04969\" data-id=\"1fd04969\" data-element_type=\"column\" data-settings=\"{&quot;background_background&quot;:&quot;classic&quot;}\">\n\t\t\t<div class=\"elementor-widget-wrap elementor-element-populated\">\n\t\t\t\t\t\t<div class=\"elementor-element elementor-element-15bee21 elementor-widget-mobile__width-initial elementor-widget elementor-widget-heading\" data-id=\"15bee21\" data-element_type=\"widget\" data-widget_type=\"heading.default\">\n\t\t\t\t<div class=\"elementor-widget-container\">\n\t\t\t\t\t<h2 class=\"elementor-heading-title elementor-size-default\">Fazit<\/h2>\t\t\t\t<\/div>\n\t\t\t\t<\/div>\n\t\t\t\t<div class=\"elementor-element elementor-element-593bdd75 elementor-widget elementor-widget-text-editor\" data-id=\"593bdd75\" data-element_type=\"widget\" data-widget_type=\"text-editor.default\">\n\t\t\t\t<div class=\"elementor-widget-container\">\n\t\t\t\t\t\t\t\t\t<p>Mit der richtigen Anwendung kann die Magnetfeldtherapie Pferde mit Stoffwechselproblemen dabei unterst\u00fctzen, <strong>Spannungen loszulassen und neues Wohlbefinden zu finden.<\/strong><\/p>\t\t\t\t\t\t\t\t<\/div>\n\t\t\t\t<\/div>\n\t\t\t\t\t<\/div>\n\t\t<\/div>\n\t\t\t\t\t<\/div>\n\t\t<\/section>\n\t\t\t\t<section class=\"elementor-section elementor-top-section elementor-element elementor-element-7c5d02b5 elementor-section-boxed elementor-section-height-default elementor-section-height-default\" data-id=\"7c5d02b5\" data-element_type=\"section\">\n\t\t\t\t\t\t<div class=\"elementor-container elementor-column-gap-default\">\n\t\t\t\t\t<div class=\"elementor-column elementor-col-100 elementor-top-column elementor-element elementor-element-1d2512ab\" data-id=\"1d2512ab\" data-element_type=\"column\">\n\t\t\t<div class=\"elementor-widget-wrap elementor-element-populated\">\n\t\t\t\t\t\t<div class=\"elementor-element elementor-element-1bfcd1f7 elementor-widget elementor-widget-heading\" data-id=\"1bfcd1f7\" data-element_type=\"widget\" data-widget_type=\"heading.default\">\n\t\t\t\t<div class=\"elementor-widget-container\">\n\t\t\t\t\t<h2 class=\"elementor-heading-title elementor-size-default\">Weitere Blogeintr\u00e4ge<\/h2>\t\t\t\t<\/div>\n\t\t\t\t<\/div>\n\t\t<div class=\"elementor-element elementor-element-2e75548e e-flex e-con-boxed e-con e-parent\" data-id=\"2e75548e\" data-element_type=\"container\">\n\t\t\t\t\t<div class=\"e-con-inner\">\n\t\t\t\t<div class=\"elementor-element elementor-element-1467b35f elementor-widget__width-initial elementor-align-center elementor-mobile-align-justify elementor-widget-mobile__width-inherit elementor-invisible elementor-widget elementor-widget-button\" data-id=\"1467b35f\" data-element_type=\"widget\" data-settings=\"{&quot;_animation&quot;:&quot;fadeIn&quot;,&quot;_animation_delay&quot;:300}\" data-widget_type=\"button.default\">\n\t\t\t\t<div class=\"elementor-widget-container\">\n\t\t\t\t\t\t\t\t\t<div class=\"elementor-button-wrapper\">\n\t\t\t\t\t<a class=\"elementor-button elementor-button-link elementor-size-xs elementor-animation-shrink\" href=\"https:\/\/zellkraft.net\/index.php\/blog\/\">\n\t\t\t\t\t\t<span class=\"elementor-button-content-wrapper\">\n\t\t\t\t\t\t\t\t\t<span class=\"elementor-button-text\">Alle Blogartikel ansehen<\/span>\n\t\t\t\t\t<\/span>\n\t\t\t\t\t<\/a>\n\t\t\t\t<\/div>\n\t\t\t\t\t\t\t\t<\/div>\n\t\t\t\t<\/div>\n\t\t\t\t\t<\/div>\n\t\t\t\t<\/div>\n\t\t\t\t\t<\/div>\n\t\t<\/div>\n\t\t\t\t\t<\/div>\n\t\t<\/section>\n\t\t<div class=\"elementor-element elementor-element-8d5265 e-flex e-con-boxed e-con e-parent\" data-id=\"8d5265\" data-element_type=\"container\">\n\t\t\t\t\t<div class=\"e-con-inner\">\n\t\t<a class=\"elementor-element elementor-element-3baa04a2 e-con-full e-flex e-con e-child\" data-id=\"3baa04a2\" data-element_type=\"container\" href=\"https:\/\/zellkraft.net\/index.php\/magnetfeldtherapie-bei-nervoesen-unruhigen-pferden\/\">\n\t\t\t\t<div class=\"elementor-element elementor-element-1584b7b4 elementor-widget elementor-widget-image\" data-id=\"1584b7b4\" data-element_type=\"widget\" data-widget_type=\"image.default\">\n\t\t\t\t<div class=\"elementor-widget-container\">\n\t\t\t\t\t\t\t\t\t\t\t\t\t\t\t<img decoding=\"async\" width=\"1024\" height=\"683\" src=\"https:\/\/zellkraft.net\/zk-content\/uploads\/2025\/11\/Nervoeses_pferd-1024x683.webp\" class=\"attachment-large size-large wp-image-14397\" alt=\"\" srcset=\"https:\/\/zellkraft.net\/zk-content\/uploads\/2025\/11\/Nervoeses_pferd-1024x683.webp 1024w, https:\/\/zellkraft.net\/zk-content\/uploads\/2025\/11\/Nervoeses_pferd-300x200.webp 300w, https:\/\/zellkraft.net\/zk-content\/uploads\/2025\/11\/Nervoeses_pferd-768x512.webp 768w, https:\/\/zellkraft.net\/zk-content\/uploads\/2025\/11\/Nervoeses_pferd-1536x1024.webp 1536w, https:\/\/zellkraft.net\/zk-content\/uploads\/2025\/11\/Nervoeses_pferd.webp 1920w\" sizes=\"(max-width: 1024px) 100vw, 1024px\" \/>\t\t\t\t\t\t\t\t\t\t\t\t\t\t\t<\/div>\n\t\t\t\t<\/div>\n\t\t\t\t<div class=\"elementor-element elementor-element-1e63ce37 elementor-widget__width-initial elementor-widget elementor-widget-heading\" data-id=\"1e63ce37\" data-element_type=\"widget\" data-widget_type=\"heading.default\">\n\t\t\t\t<div class=\"elementor-widget-container\">\n\t\t\t\t\t<h2 class=\"elementor-heading-title elementor-size-default\">\nMagnetfeldtherapie bei nerv\u00f6sen &amp; unruhigen Pferden<\/h2>\t\t\t\t<\/div>\n\t\t\t\t<\/div>\n\t\t\t\t<\/a>\n\t\t<a class=\"elementor-element elementor-element-d1b68b e-con-full e-flex e-con e-child\" data-id=\"d1b68b\" data-element_type=\"container\" href=\"https:\/\/zellkraft.net\/index.php\/technologie\/\">\n\t\t\t\t<div class=\"elementor-element elementor-element-54187d3d elementor-widget elementor-widget-image\" data-id=\"54187d3d\" data-element_type=\"widget\" data-widget_type=\"image.default\">\n\t\t\t\t<div class=\"elementor-widget-container\">\n\t\t\t\t\t\t\t\t\t\t\t\t\t\t\t<img decoding=\"async\" width=\"1024\" height=\"680\" src=\"https:\/\/zellkraft.net\/zk-content\/uploads\/2026\/01\/AdobeStock_53860022-9-1024x680.webp\" class=\"attachment-large size-large wp-image-15004\" alt=\"\" srcset=\"https:\/\/zellkraft.net\/zk-content\/uploads\/2026\/01\/AdobeStock_53860022-9-1024x680.webp 1024w, https:\/\/zellkraft.net\/zk-content\/uploads\/2026\/01\/AdobeStock_53860022-9-300x199.webp 300w, https:\/\/zellkraft.net\/zk-content\/uploads\/2026\/01\/AdobeStock_53860022-9-768x510.webp 768w, https:\/\/zellkraft.net\/zk-content\/uploads\/2026\/01\/AdobeStock_53860022-9-1536x1020.webp 1536w, https:\/\/zellkraft.net\/zk-content\/uploads\/2026\/01\/AdobeStock_53860022-9.webp 1920w\" sizes=\"(max-width: 1024px) 100vw, 1024px\" \/>\t\t\t\t\t\t\t\t\t\t\t\t\t\t\t<\/div>\n\t\t\t\t<\/div>\n\t\t\t\t<div class=\"elementor-element elementor-element-7b5fa59f elementor-widget__width-initial elementor-widget elementor-widget-heading\" data-id=\"7b5fa59f\" data-element_type=\"widget\" data-widget_type=\"heading.default\">\n\t\t\t\t<div class=\"elementor-widget-container\">\n\t\t\t\t\t<h2 class=\"elementor-heading-title elementor-size-default\">Linear-parabolische-Leistungssteigerung<\/h2>\t\t\t\t<\/div>\n\t\t\t\t<\/div>\n\t\t\t\t<\/a>\n\t\t<a class=\"elementor-element elementor-element-153f47e9 e-con-full e-flex e-con e-child\" data-id=\"153f47e9\" data-element_type=\"container\" href=\"https:\/\/zellkraft.net\/index.php\/wissenschaft\/\">\n\t\t\t\t<div class=\"elementor-element elementor-element-7bbc0bc9 elementor-widget elementor-widget-image\" data-id=\"7bbc0bc9\" data-element_type=\"widget\" data-widget_type=\"image.default\">\n\t\t\t\t<div class=\"elementor-widget-container\">\n\t\t\t\t\t\t\t\t\t\t\t\t\t\t\t<img loading=\"lazy\" decoding=\"async\" width=\"1024\" height=\"683\" src=\"https:\/\/zellkraft.net\/zk-content\/uploads\/2026\/01\/AdobeStock_638660166-1-1024x683.webp\" class=\"attachment-large size-large wp-image-15005\" alt=\"\" srcset=\"https:\/\/zellkraft.net\/zk-content\/uploads\/2026\/01\/AdobeStock_638660166-1-1024x683.webp 1024w, https:\/\/zellkraft.net\/zk-content\/uploads\/2026\/01\/AdobeStock_638660166-1-300x200.webp 300w, https:\/\/zellkraft.net\/zk-content\/uploads\/2026\/01\/AdobeStock_638660166-1-768x512.webp 768w, https:\/\/zellkraft.net\/zk-content\/uploads\/2026\/01\/AdobeStock_638660166-1-1536x1024.webp 1536w, https:\/\/zellkraft.net\/zk-content\/uploads\/2026\/01\/AdobeStock_638660166-1.webp 1920w\" sizes=\"(max-width: 1024px) 100vw, 1024px\" \/>\t\t\t\t\t\t\t\t\t\t\t\t\t\t\t<\/div>\n\t\t\t\t<\/div>\n\t\t\t\t<div class=\"elementor-element elementor-element-3da46d48 elementor-widget__width-initial elementor-widget elementor-widget-heading\" data-id=\"3da46d48\" data-element_type=\"widget\" data-widget_type=\"heading.default\">\n\t\t\t\t<div class=\"elementor-widget-container\">\n\t\t\t\t\t<h2 class=\"elementor-heading-title elementor-size-default\">So wirkt Magnetfeldtherapie: einfach erkl\u00e4rt<\/h2>\t\t\t\t<\/div>\n\t\t\t\t<\/div>\n\t\t\t\t<\/a>\n\t\t\t\t\t<\/div>\n\t\t\t\t<\/div>\n\t\t\t\t<section class=\"elementor-section elementor-top-section elementor-element elementor-element-15233d21 elementor-section-boxed elementor-section-height-default elementor-section-height-default\" data-id=\"15233d21\" data-element_type=\"section\" data-settings=\"{&quot;background_background&quot;:&quot;classic&quot;}\">\n\t\t\t\t\t\t\t<div class=\"elementor-background-overlay\"><\/div>\n\t\t\t\t\t\t\t<div class=\"elementor-container elementor-column-gap-default\">\n\t\t\t\t\t<div class=\"elementor-column elementor-col-50 elementor-top-column elementor-element elementor-element-4da67570\" data-id=\"4da67570\" data-element_type=\"column\">\n\t\t\t<div class=\"elementor-widget-wrap\">\n\t\t\t\t\t\t\t<\/div>\n\t\t<\/div>\n\t\t\t\t<div class=\"elementor-column elementor-col-50 elementor-top-column elementor-element elementor-element-41b18640\" data-id=\"41b18640\" data-element_type=\"column\">\n\t\t\t<div class=\"elementor-widget-wrap elementor-element-populated\">\n\t\t\t\t\t\t<section class=\"elementor-section elementor-inner-section elementor-element elementor-element-1052e494 elementor-section-full_width elementor-section-height-default elementor-section-height-default\" data-id=\"1052e494\" data-element_type=\"section\">\n\t\t\t\t\t\t<div class=\"elementor-container elementor-column-gap-wider\">\n\t\t\t\t\t<div class=\"elementor-column elementor-col-100 elementor-inner-column elementor-element elementor-element-3a22aa5\" data-id=\"3a22aa5\" data-element_type=\"column\">\n\t\t\t<div class=\"elementor-widget-wrap elementor-element-populated\">\n\t\t\t\t\t\t<div class=\"elementor-element elementor-element-7f81c709 elementor-widget-tablet__width-initial elementor-invisible elementor-widget elementor-widget-heading\" data-id=\"7f81c709\" data-element_type=\"widget\" data-settings=\"{&quot;_animation&quot;:&quot;fadeIn&quot;,&quot;_animation_delay&quot;:100}\" data-widget_type=\"heading.default\">\n\t\t\t\t<div class=\"elementor-widget-container\">\n\t\t\t\t\t<h2 class=\"elementor-heading-title elementor-size-default\">Hast du noch Fragen?<\/h2>\t\t\t\t<\/div>\n\t\t\t\t<\/div>\n\t\t\t\t<div class=\"elementor-element elementor-element-2fe1dbfe elementor-widget-tablet__width-initial elementor-invisible elementor-widget elementor-widget-heading\" data-id=\"2fe1dbfe\" data-element_type=\"widget\" data-settings=\"{&quot;_animation&quot;:&quot;fadeIn&quot;,&quot;_animation_delay&quot;:200}\" data-widget_type=\"heading.default\">\n\t\t\t\t<div class=\"elementor-widget-container\">\n\t\t\t\t\t<p class=\"elementor-heading-title elementor-size-default\">Solltest du noch Fragen oder Anregungen zu unseren Zellkraft\u00ae-Produkten haben oder Unterst\u00fctzung bei der Anwendung ben\u00f6tigen, kontaktiere uns gerne und vereinbare einen Beratungstermin mit einem unserer Zellkraft\u00ae-Experten.<\/p>\t\t\t\t<\/div>\n\t\t\t\t<\/div>\n\t\t\t\t<div class=\"elementor-element elementor-element-13e0b0af elementor-widget__width-initial elementor-align-center elementor-mobile-align-justify elementor-widget-mobile__width-inherit elementor-invisible elementor-widget elementor-widget-button\" data-id=\"13e0b0af\" data-element_type=\"widget\" data-settings=\"{&quot;_animation&quot;:&quot;fadeIn&quot;,&quot;_animation_delay&quot;:300}\" data-widget_type=\"button.default\">\n\t\t\t\t<div class=\"elementor-widget-container\">\n\t\t\t\t\t\t\t\t\t<div class=\"elementor-button-wrapper\">\n\t\t\t\t\t<a class=\"elementor-button elementor-button-link elementor-size-xs elementor-animation-grow\" href=\"https:\/\/zellkraft.net\/index.php\/kontaktformular\/\">\n\t\t\t\t\t\t<span class=\"elementor-button-content-wrapper\">\n\t\t\t\t\t\t\t\t\t<span class=\"elementor-button-text\">Beratungstermin<\/span>\n\t\t\t\t\t<\/span>\n\t\t\t\t\t<\/a>\n\t\t\t\t<\/div>\n\t\t\t\t\t\t\t\t<\/div>\n\t\t\t\t<\/div>\n\t\t\t\t<div class=\"elementor-element elementor-element-4fb6b26b elementor-widget__width-initial elementor-align-center elementor-mobile-align-justify elementor-widget-mobile__width-inherit elementor-invisible elementor-widget elementor-widget-button\" data-id=\"4fb6b26b\" data-element_type=\"widget\" data-settings=\"{&quot;_animation&quot;:&quot;fadeIn&quot;,&quot;_animation_delay&quot;:300}\" data-widget_type=\"button.default\">\n\t\t\t\t<div class=\"elementor-widget-container\">\n\t\t\t\t\t\t\t\t\t<div class=\"elementor-button-wrapper\">\n\t\t\t\t\t<a class=\"elementor-button elementor-button-link elementor-size-xs elementor-animation-grow\" href=\"https:\/\/zellkraft.net\/index.php\/kontaktformular\/\">\n\t\t\t\t\t\t<span class=\"elementor-button-content-wrapper\">\n\t\t\t\t\t\t\t\t\t<span class=\"elementor-button-text\">Kontaktieren<\/span>\n\t\t\t\t\t<\/span>\n\t\t\t\t\t<\/a>\n\t\t\t\t<\/div>\n\t\t\t\t\t\t\t\t<\/div>\n\t\t\t\t<\/div>\n\t\t\t\t\t<\/div>\n\t\t<\/div>\n\t\t\t\t\t<\/div>\n\t\t<\/section>\n\t\t\t\t\t<\/div>\n\t\t<\/div>\n\t\t\t\t\t<\/div>\n\t\t<\/section>\n\t\t\t\t<\/div>\n\t\t","protected":false},"excerpt":{"rendered":"<p>ZELLKRAFT BLOG Aus dem Stallalltag: Augenentz\u00fcndung beim Pferd 24. M\u00e4rz 2026 Ausgangssituation Manchmal beginnt alles ganz harmlos \u2013 und wird schneller ernst, als man denkt. Ein tr\u00e4nendes Auge.Unsere erste Vermutung: Staub, Fliegen oder trockene Luft. Doch s\u00e4mtliche Cremes und Versuche, wieder Ruhe ins Auge zu bringen, scheiterten. Aus der scheinbar kleinen Reizung entwickelte sich eine [&hellip;]<\/p>\n","protected":false},"author":1,"featured_media":0,"parent":0,"menu_order":0,"comment_status":"closed","ping_status":"closed","template":"","meta":{"ocean_post_layout":"full-screen","ocean_both_sidebars_style":"","ocean_both_sidebars_content_width":0,"ocean_both_sidebars_sidebars_width":0,"ocean_sidebar":"","ocean_second_sidebar":"","ocean_disable_margins":"on","ocean_add_body_class":"","ocean_shortcode_before_top_bar":"","ocean_shortcode_after_top_bar":"","ocean_shortcode_before_header":"","ocean_shortcode_after_header":"","ocean_has_shortcode":"","ocean_shortcode_after_title":"","ocean_shortcode_before_footer_widgets":"","ocean_shortcode_after_footer_widgets":"","ocean_shortcode_before_footer_bottom":"","ocean_shortcode_after_footer_bottom":"","ocean_display_top_bar":"off","ocean_display_header":"off","ocean_header_style":"","ocean_center_header_left_menu":"","ocean_custom_header_template":"","ocean_custom_logo":0,"ocean_custom_retina_logo":0,"ocean_custom_logo_max_width":0,"ocean_custom_logo_tablet_max_width":0,"ocean_custom_logo_mobile_max_width":0,"ocean_custom_logo_max_height":0,"ocean_custom_logo_tablet_max_height":0,"ocean_custom_logo_mobile_max_height":0,"ocean_header_custom_menu":"","ocean_menu_typo_font_family":"","ocean_menu_typo_font_subset":"","ocean_menu_typo_font_size":0,"ocean_menu_typo_font_size_tablet":0,"ocean_menu_typo_font_size_mobile":0,"ocean_menu_typo_font_size_unit":"px","ocean_menu_typo_font_weight":"","ocean_menu_typo_font_weight_tablet":"","ocean_menu_typo_font_weight_mobile":"","ocean_menu_typo_transform":"","ocean_menu_typo_transform_tablet":"","ocean_menu_typo_transform_mobile":"","ocean_menu_typo_line_height":0,"ocean_menu_typo_line_height_tablet":0,"ocean_menu_typo_line_height_mobile":0,"ocean_menu_typo_line_height_unit":"","ocean_menu_typo_spacing":0,"ocean_menu_typo_spacing_tablet":0,"ocean_menu_typo_spacing_mobile":0,"ocean_menu_typo_spacing_unit":"","ocean_menu_link_color":"","ocean_menu_link_color_hover":"","ocean_menu_link_color_active":"","ocean_menu_link_background":"","ocean_menu_link_hover_background":"","ocean_menu_link_active_background":"","ocean_menu_social_links_bg":"","ocean_menu_social_hover_links_bg":"","ocean_menu_social_links_color":"","ocean_menu_social_hover_links_color":"","ocean_disable_title":"on","ocean_disable_heading":"default","ocean_post_title":"","ocean_post_subheading":"","ocean_post_title_style":"","ocean_post_title_background_color":"","ocean_post_title_background":0,"ocean_post_title_bg_image_position":"","ocean_post_title_bg_image_attachment":"","ocean_post_title_bg_image_repeat":"","ocean_post_title_bg_image_size":"","ocean_post_title_height":0,"ocean_post_title_bg_overlay":0.5,"ocean_post_title_bg_overlay_color":"","ocean_disable_breadcrumbs":"default","ocean_breadcrumbs_color":"","ocean_breadcrumbs_separator_color":"","ocean_breadcrumbs_links_color":"","ocean_breadcrumbs_links_hover_color":"","ocean_display_footer_widgets":"default","ocean_display_footer_bottom":"default","ocean_custom_footer_template":"","footnotes":""},"class_list":["post-17313","page","type-page","status-publish","hentry","entry"],"yoast_head":"<!-- This site is optimized with the Yoast SEO plugin v24.2 - https:\/\/yoast.com\/wordpress\/plugins\/seo\/ -->\n<title>Aus dem Stallalltag: Augenentz\u00fcndung beim Pferd - Zellkraft<\/title>\n<meta name=\"robots\" content=\"index, follow, max-snippet:-1, max-image-preview:large, max-video-preview:-1\" \/>\n<link rel=\"canonical\" href=\"https:\/\/zellkraft.net\/index.php\/aus-dem-stallalltag-augenentzuendung-beim-pferd\/\" \/>\n<meta property=\"og:locale\" content=\"de_DE\" \/>\n<meta property=\"og:type\" content=\"article\" \/>\n<meta property=\"og:title\" content=\"Aus dem Stallalltag: Augenentz\u00fcndung beim Pferd - Zellkraft\" \/>\n<meta property=\"og:description\" content=\"ZELLKRAFT BLOG Aus dem Stallalltag: Augenentz\u00fcndung beim Pferd 24. M\u00e4rz 2026 Ausgangssituation Manchmal beginnt alles ganz harmlos \u2013 und wird schneller ernst, als man denkt. Ein tr\u00e4nendes Auge.Unsere erste Vermutung: Staub, Fliegen oder trockene Luft. Doch s\u00e4mtliche Cremes und Versuche, wieder Ruhe ins Auge zu bringen, scheiterten. Aus der scheinbar kleinen Reizung entwickelte sich eine [&hellip;]\" \/>\n<meta property=\"og:url\" content=\"https:\/\/zellkraft.net\/index.php\/aus-dem-stallalltag-augenentzuendung-beim-pferd\/\" \/>\n<meta property=\"og:site_name\" content=\"Zellkraft\" \/>\n<meta property=\"article:modified_time\" content=\"2026-03-25T08:02:41+00:00\" \/>\n<meta property=\"og:image\" content=\"https:\/\/zellkraft.net\/zk-content\/uploads\/2026\/03\/AdobeStock_806081045-19.webp\" \/>\n\t<meta property=\"og:image:width\" content=\"1920\" \/>\n\t<meta property=\"og:image:height\" content=\"1275\" \/>\n\t<meta property=\"og:image:type\" content=\"image\/webp\" \/>\n<meta name=\"twitter:card\" content=\"summary_large_image\" \/>\n<meta name=\"twitter:label1\" content=\"Gesch\u00e4tzte Lesezeit\" \/>\n\t<meta name=\"twitter:data1\" content=\"3 Minuten\" \/>\n<script type=\"application\/ld+json\" class=\"yoast-schema-graph\">{\"@context\":\"https:\/\/schema.org\",\"@graph\":[{\"@type\":\"WebPage\",\"@id\":\"https:\/\/zellkraft.net\/index.php\/aus-dem-stallalltag-augenentzuendung-beim-pferd\/\",\"url\":\"https:\/\/zellkraft.net\/index.php\/aus-dem-stallalltag-augenentzuendung-beim-pferd\/\",\"name\":\"Aus dem Stallalltag: Augenentz\u00fcndung beim Pferd - Zellkraft\",\"isPartOf\":{\"@id\":\"https:\/\/zellkraft.net\/#website\"},\"primaryImageOfPage\":{\"@id\":\"https:\/\/zellkraft.net\/index.php\/aus-dem-stallalltag-augenentzuendung-beim-pferd\/#primaryimage\"},\"image\":{\"@id\":\"https:\/\/zellkraft.net\/index.php\/aus-dem-stallalltag-augenentzuendung-beim-pferd\/#primaryimage\"},\"thumbnailUrl\":\"https:\/\/zellkraft.net\/zk-content\/uploads\/2026\/03\/AdobeStock_806081045-19.webp\",\"datePublished\":\"2026-03-24T13:16:06+00:00\",\"dateModified\":\"2026-03-25T08:02:41+00:00\",\"breadcrumb\":{\"@id\":\"https:\/\/zellkraft.net\/index.php\/aus-dem-stallalltag-augenentzuendung-beim-pferd\/#breadcrumb\"},\"inLanguage\":\"de\",\"potentialAction\":[{\"@type\":\"ReadAction\",\"target\":[\"https:\/\/zellkraft.net\/index.php\/aus-dem-stallalltag-augenentzuendung-beim-pferd\/\"]}]},{\"@type\":\"ImageObject\",\"inLanguage\":\"de\",\"@id\":\"https:\/\/zellkraft.net\/index.php\/aus-dem-stallalltag-augenentzuendung-beim-pferd\/#primaryimage\",\"url\":\"https:\/\/zellkraft.net\/zk-content\/uploads\/2026\/03\/AdobeStock_806081045-19.webp\",\"contentUrl\":\"https:\/\/zellkraft.net\/zk-content\/uploads\/2026\/03\/AdobeStock_806081045-19.webp\"},{\"@type\":\"BreadcrumbList\",\"@id\":\"https:\/\/zellkraft.net\/index.php\/aus-dem-stallalltag-augenentzuendung-beim-pferd\/#breadcrumb\",\"itemListElement\":[{\"@type\":\"ListItem\",\"position\":1,\"name\":\"Startseite\",\"item\":\"https:\/\/zellkraft.net\/\"},{\"@type\":\"ListItem\",\"position\":2,\"name\":\"Aus dem Stallalltag: Augenentz\u00fcndung beim Pferd\"}]},{\"@type\":\"WebSite\",\"@id\":\"https:\/\/zellkraft.net\/#website\",\"url\":\"https:\/\/zellkraft.net\/\",\"name\":\"Zellkraft\",\"description\":\"|\u00a0Gesundheit f\u00fcr Pferde, die jeder leisten kann\",\"potentialAction\":[{\"@type\":\"SearchAction\",\"target\":{\"@type\":\"EntryPoint\",\"urlTemplate\":\"https:\/\/zellkraft.net\/?s={search_term_string}\"},\"query-input\":{\"@type\":\"PropertyValueSpecification\",\"valueRequired\":true,\"valueName\":\"search_term_string\"}}],\"inLanguage\":\"de\"}]}<\/script>\n<!-- \/ Yoast SEO plugin. -->","yoast_head_json":{"title":"Aus dem Stallalltag: Augenentz\u00fcndung beim Pferd - Zellkraft","robots":{"index":"index","follow":"follow","max-snippet":"max-snippet:-1","max-image-preview":"max-image-preview:large","max-video-preview":"max-video-preview:-1"},"canonical":"https:\/\/zellkraft.net\/index.php\/aus-dem-stallalltag-augenentzuendung-beim-pferd\/","og_locale":"de_DE","og_type":"article","og_title":"Aus dem Stallalltag: Augenentz\u00fcndung beim Pferd - Zellkraft","og_description":"ZELLKRAFT BLOG Aus dem Stallalltag: Augenentz\u00fcndung beim Pferd 24. M\u00e4rz 2026 Ausgangssituation Manchmal beginnt alles ganz harmlos \u2013 und wird schneller ernst, als man denkt. Ein tr\u00e4nendes Auge.Unsere erste Vermutung: Staub, Fliegen oder trockene Luft. Doch s\u00e4mtliche Cremes und Versuche, wieder Ruhe ins Auge zu bringen, scheiterten. Aus der scheinbar kleinen Reizung entwickelte sich eine [&hellip;]","og_url":"https:\/\/zellkraft.net\/index.php\/aus-dem-stallalltag-augenentzuendung-beim-pferd\/","og_site_name":"Zellkraft","article_modified_time":"2026-03-25T08:02:41+00:00","og_image":[{"width":1920,"height":1275,"url":"https:\/\/zellkraft.net\/zk-content\/uploads\/2026\/03\/AdobeStock_806081045-19.webp","type":"image\/webp"}],"twitter_card":"summary_large_image","twitter_misc":{"Gesch\u00e4tzte Lesezeit":"3 Minuten"},"schema":{"@context":"https:\/\/schema.org","@graph":[{"@type":"WebPage","@id":"https:\/\/zellkraft.net\/index.php\/aus-dem-stallalltag-augenentzuendung-beim-pferd\/","url":"https:\/\/zellkraft.net\/index.php\/aus-dem-stallalltag-augenentzuendung-beim-pferd\/","name":"Aus dem Stallalltag: Augenentz\u00fcndung beim Pferd - Zellkraft","isPartOf":{"@id":"https:\/\/zellkraft.net\/#website"},"primaryImageOfPage":{"@id":"https:\/\/zellkraft.net\/index.php\/aus-dem-stallalltag-augenentzuendung-beim-pferd\/#primaryimage"},"image":{"@id":"https:\/\/zellkraft.net\/index.php\/aus-dem-stallalltag-augenentzuendung-beim-pferd\/#primaryimage"},"thumbnailUrl":"https:\/\/zellkraft.net\/zk-content\/uploads\/2026\/03\/AdobeStock_806081045-19.webp","datePublished":"2026-03-24T13:16:06+00:00","dateModified":"2026-03-25T08:02:41+00:00","breadcrumb":{"@id":"https:\/\/zellkraft.net\/index.php\/aus-dem-stallalltag-augenentzuendung-beim-pferd\/#breadcrumb"},"inLanguage":"de","potentialAction":[{"@type":"ReadAction","target":["https:\/\/zellkraft.net\/index.php\/aus-dem-stallalltag-augenentzuendung-beim-pferd\/"]}]},{"@type":"ImageObject","inLanguage":"de","@id":"https:\/\/zellkraft.net\/index.php\/aus-dem-stallalltag-augenentzuendung-beim-pferd\/#primaryimage","url":"https:\/\/zellkraft.net\/zk-content\/uploads\/2026\/03\/AdobeStock_806081045-19.webp","contentUrl":"https:\/\/zellkraft.net\/zk-content\/uploads\/2026\/03\/AdobeStock_806081045-19.webp"},{"@type":"BreadcrumbList","@id":"https:\/\/zellkraft.net\/index.php\/aus-dem-stallalltag-augenentzuendung-beim-pferd\/#breadcrumb","itemListElement":[{"@type":"ListItem","position":1,"name":"Startseite","item":"https:\/\/zellkraft.net\/"},{"@type":"ListItem","position":2,"name":"Aus dem Stallalltag: Augenentz\u00fcndung beim Pferd"}]},{"@type":"WebSite","@id":"https:\/\/zellkraft.net\/#website","url":"https:\/\/zellkraft.net\/","name":"Zellkraft","description":"|\u00a0Gesundheit f\u00fcr Pferde, die jeder leisten kann","potentialAction":[{"@type":"SearchAction","target":{"@type":"EntryPoint","urlTemplate":"https:\/\/zellkraft.net\/?s={search_term_string}"},"query-input":{"@type":"PropertyValueSpecification","valueRequired":true,"valueName":"search_term_string"}}],"inLanguage":"de"}]}},"_links":{"self":[{"href":"https:\/\/zellkraft.net\/index.php\/wp-json\/wp\/v2\/pages\/17313","targetHints":{"allow":["GET"]}}],"collection":[{"href":"https:\/\/zellkraft.net\/index.php\/wp-json\/wp\/v2\/pages"}],"about":[{"href":"https:\/\/zellkraft.net\/index.php\/wp-json\/wp\/v2\/types\/page"}],"author":[{"embeddable":true,"href":"https:\/\/zellkraft.net\/index.php\/wp-json\/wp\/v2\/users\/1"}],"replies":[{"embeddable":true,"href":"https:\/\/zellkraft.net\/index.php\/wp-json\/wp\/v2\/comments?post=17313"}],"version-history":[{"count":8,"href":"https:\/\/zellkraft.net\/index.php\/wp-json\/wp\/v2\/pages\/17313\/revisions"}],"predecessor-version":[{"id":17329,"href":"https:\/\/zellkraft.net\/index.php\/wp-json\/wp\/v2\/pages\/17313\/revisions\/17329"}],"wp:attachment":[{"href":"https:\/\/zellkraft.net\/index.php\/wp-json\/wp\/v2\/media?parent=17313"}],"curies":[{"name":"wp","href":"https:\/\/api.w.org\/{rel}","templated":true}]}}